{"id":2701,"date":"2024-12-19T13:08:56","date_gmt":"2024-12-19T12:08:56","guid":{"rendered":"https:\/\/heimatverein-borghorst.de\/?page_id=2701"},"modified":"2026-08-25T11:29:55","modified_gmt":"2026-08-25T09:29:55","slug":"pressespiegel-archiv-2","status":"publish","type":"page","link":"https:\/\/heimatverein-borghorst.de\/index.php\/pressespiegel-archiv-2\/","title":{"rendered":"Archiv Presseberichte"},"content":{"rendered":"\n<div class=\"wp-block-cover alignfull\" style=\"min-height:300px;aspect-ratio:unset;\"><img loading=\"lazy\" decoding=\"async\" width=\"1024\" height=\"575\" class=\"wp-block-cover__image-background wp-image-9909 size-large\" alt=\"\" src=\"https:\/\/heimatverein-borghorst.de\/wp-content\/uploads\/2025\/07\/Zeitungshintergrund-1024x575.png\" data-object-fit=\"cover\" srcset=\"https:\/\/heimatverein-borghorst.de\/wp-content\/uploads\/2025\/07\/Zeitungshintergrund-1024x575.png 1024w, https:\/\/heimatverein-borghorst.de\/wp-content\/uploads\/2025\/07\/Zeitungshintergrund-300x169.png 300w, https:\/\/heimatverein-borghorst.de\/wp-content\/uploads\/2025\/07\/Zeitungshintergrund-768x431.png 768w, https:\/\/heimatverein-borghorst.de\/wp-content\/uploads\/2025\/07\/Zeitungshintergrund.png 1200w\" sizes=\"auto, (max-width: 1024px) 100vw, 1024px\" \/><span aria-hidden=\"true\" class=\"wp-block-cover__background has-nv-light-bg-background-color has-background-dim\"><\/span><div class=\"wp-block-cover__inner-container is-layout-constrained wp-block-cover-is-layout-constrained\">\n<p class=\"has-text-align-center has-neve-link-color-color has-text-color has-link-color has-large-font-size wp-elements-1 wp-block-paragraph\">Presseberichte<\/p>\n<\/div><\/div>\n\n\n\n<div style=\"height:30px\" aria-hidden=\"true\" class=\"wp-block-spacer\"><\/div>\n\n\n\n<div class=\"wp-block-cover is-light has-neve-link-color-color has-text-color has-link-color wp-elements-2\" style=\"border-width:1px\"><span aria-hidden=\"true\" class=\"wp-block-cover__background has-background-dim-60 has-background-dim\" style=\"background-color:#FFF\"><\/span><div class=\"wp-block-cover__inner-container is-layout-constrained wp-block-cover-is-layout-constrained\">\n<p class=\"has-text-align-left has-text-color has-link-color wp-elements-3 wp-block-paragraph\" style=\"color:#8b2222;font-size:14px\">Ein Klick auf die Zeitungsausschnitte oder den Link bringt euch zur Liste..<\/p>\n\n\n\n<p class=\"has-text-align-center has-large-font-size wp-block-paragraph\"><\/p>\n\n\n\n<div class=\"wp-block-media-text is-stacked-on-mobile is-image-fill-element has-neve-link-color-color has-text-color has-link-color wp-elements-4\" style=\"border-width:1px;grid-template-columns:55% auto\"><figure class=\"wp-block-media-text__media\"><a href=\"#Presse2026\"><img loading=\"lazy\" decoding=\"async\" width=\"1024\" height=\"734\" src=\"https:\/\/heimatverein-borghorst.de\/wp-content\/uploads\/2025\/10\/7te-Steinfurter-Geschichtstage-1024x734.png\" alt=\"\" class=\"wp-image-13760 size-full\" style=\"object-position:50% 50%\" srcset=\"https:\/\/heimatverein-borghorst.de\/wp-content\/uploads\/2025\/10\/7te-Steinfurter-Geschichtstage-1024x734.png 1024w, https:\/\/heimatverein-borghorst.de\/wp-content\/uploads\/2025\/10\/7te-Steinfurter-Geschichtstage-300x215.png 300w, https:\/\/heimatverein-borghorst.de\/wp-content\/uploads\/2025\/10\/7te-Steinfurter-Geschichtstage-768x550.png 768w, https:\/\/heimatverein-borghorst.de\/wp-content\/uploads\/2025\/10\/7te-Steinfurter-Geschichtstage-1536x1101.png 1536w, https:\/\/heimatverein-borghorst.de\/wp-content\/uploads\/2025\/10\/7te-Steinfurter-Geschichtstage.png 1920w\" sizes=\"auto, (max-width: 1024px) 100vw, 1024px\" \/><\/a><\/figure><div class=\"wp-block-media-text__content\">\n<div style=\"height:20px\" aria-hidden=\"true\" class=\"wp-block-spacer\"><\/div>\n\n\n\n<p class=\"has-text-align-center has-neve-link-color-color has-text-color has-link-color wp-elements-5 wp-block-paragraph\" style=\"font-style:normal;font-weight:600\">Hier findet ihr die Presseberichte aus dem<\/p>\n\n\n\n<div class=\"wp-block-buttons is-content-justification-center is-layout-flex wp-container-core-buttons-is-layout-fe48e5de wp-block-buttons-is-layout-flex\">\n<div style=\"--wp--block-button--width: 75;\" class=\"wp-block-button is-style-primary has-custom-width wp-block-button__width wp-block-button__width-75\"><a class=\"wp-block-button__link wp-element-button\" href=\"#Presse2026\">Jahr 2026<\/a><\/div>\n<\/div>\n\n\n\n<div style=\"height:20px\" aria-hidden=\"true\" class=\"wp-block-spacer\"><\/div>\n<\/div><\/div>\n\n\n\n<div style=\"height:50px\" aria-hidden=\"true\" class=\"wp-block-spacer\"><\/div>\n\n\n\n<div class=\"wp-block-media-text is-stacked-on-mobile is-image-fill-element has-neve-link-color-color has-text-color has-link-color wp-elements-6\" style=\"border-width:1px;grid-template-columns:55% auto\"><figure class=\"wp-block-media-text__media\"><a href=\"#Presse2025\"><img loading=\"lazy\" decoding=\"async\" width=\"1024\" height=\"649\" src=\"https:\/\/heimatverein-borghorst.de\/wp-content\/uploads\/2025\/07\/Neues-Presseberichte-1024x649.jpg\" alt=\"\" class=\"wp-image-10058 size-full\" style=\"object-position:50% 50%\" srcset=\"https:\/\/heimatverein-borghorst.de\/wp-content\/uploads\/2025\/07\/Neues-Presseberichte-1024x649.jpg 1024w, https:\/\/heimatverein-borghorst.de\/wp-content\/uploads\/2025\/07\/Neues-Presseberichte-300x190.jpg 300w, https:\/\/heimatverein-borghorst.de\/wp-content\/uploads\/2025\/07\/Neues-Presseberichte-768x486.jpg 768w, https:\/\/heimatverein-borghorst.de\/wp-content\/uploads\/2025\/07\/Neues-Presseberichte-1536x973.jpg 1536w, https:\/\/heimatverein-borghorst.de\/wp-content\/uploads\/2025\/07\/Neues-Presseberichte.jpg 1920w\" sizes=\"auto, (max-width: 1024px) 100vw, 1024px\" \/><\/a><\/figure><div class=\"wp-block-media-text__content\">\n<div style=\"height:20px\" aria-hidden=\"true\" class=\"wp-block-spacer\"><\/div>\n\n\n\n<p class=\"has-text-align-center has-neve-link-color-color has-text-color has-link-color wp-elements-7 wp-block-paragraph\" style=\"font-style:normal;font-weight:600\">Hier findet ihr die Presseberichte aus dem<\/p>\n\n\n\n<div class=\"wp-block-buttons is-content-justification-center is-layout-flex wp-container-core-buttons-is-layout-fe48e5de wp-block-buttons-is-layout-flex\">\n<div style=\"--wp--block-button--width: 75;\" class=\"wp-block-button is-style-primary has-custom-width wp-block-button__width wp-block-button__width-75\"><a class=\"wp-block-button__link has-custom-font-size wp-element-button\" href=\"#Presse2025\" style=\"font-size:16px\" target=\"_blank\" rel=\"noreferrer noopener nofollow\">Jahr 2025<\/a><\/div>\n<\/div>\n\n\n\n<div style=\"height:20px\" aria-hidden=\"true\" class=\"wp-block-spacer\"><\/div>\n<\/div><\/div>\n\n\n\n<div style=\"height:50px\" aria-hidden=\"true\" class=\"wp-block-spacer\"><\/div>\n\n\n\n<div class=\"wp-block-media-text is-stacked-on-mobile is-image-fill-element has-neve-link-color-color has-text-color has-link-color wp-elements-8\" style=\"border-width:1px;grid-template-columns:55% auto\"><figure class=\"wp-block-media-text__media\"><a href=\"#Presse2024\"><img loading=\"lazy\" decoding=\"async\" width=\"1024\" height=\"538\" src=\"https:\/\/heimatverein-borghorst.de\/wp-content\/uploads\/2025\/07\/archiv-1-1024x538.jpg\" alt=\"\" class=\"wp-image-10057 size-full\" style=\"object-position:50% 50%\" srcset=\"https:\/\/heimatverein-borghorst.de\/wp-content\/uploads\/2025\/07\/archiv-1-1024x538.jpg 1024w, https:\/\/heimatverein-borghorst.de\/wp-content\/uploads\/2025\/07\/archiv-1-300x158.jpg 300w, https:\/\/heimatverein-borghorst.de\/wp-content\/uploads\/2025\/07\/archiv-1-768x403.jpg 768w, https:\/\/heimatverein-borghorst.de\/wp-content\/uploads\/2025\/07\/archiv-1.jpg 1200w\" sizes=\"auto, (max-width: 1024px) 100vw, 1024px\" \/><\/a><\/figure><div class=\"wp-block-media-text__content\">\n<div style=\"height:20px\" aria-hidden=\"true\" class=\"wp-block-spacer\"><\/div>\n\n\n\n<p class=\"has-text-align-center has-neve-link-color-color has-text-color has-link-color wp-elements-9 wp-block-paragraph\" style=\"font-style:normal;font-weight:600\">Hier findet ihr die Presseberichte aus dem<\/p>\n\n\n\n<div class=\"wp-block-buttons is-content-justification-center is-layout-flex wp-container-core-buttons-is-layout-fe48e5de wp-block-buttons-is-layout-flex\">\n<div style=\"--wp--block-button--width: 75;\" class=\"wp-block-button is-style-primary has-custom-width wp-block-button__width wp-block-button__width-75\"><a class=\"wp-block-button__link wp-element-button\" href=\"#Presse2024\" target=\"_blank\" rel=\"noreferrer noopener nofollow\">Jahr 2024<\/a><\/div>\n<\/div>\n\n\n\n<div style=\"height:20px\" aria-hidden=\"true\" class=\"wp-block-spacer\"><\/div>\n<\/div><\/div>\n<\/div><\/div>\n\n\n\n<div style=\"height:500px\" aria-hidden=\"true\" class=\"wp-block-spacer\"><\/div>\n\n\n\n<h2 id=\"Presse2026\" class=\"wp-block-heading has-nv-site-bg-color has-text-color has-link-color wp-elements-10\" style=\"font-size:2px\">Presse2026<\/h2>\n\n\n\n<div style=\"height:300px\" aria-hidden=\"true\" class=\"wp-block-spacer\"><\/div>\n\n\n\n<details class=\"wp-block-details has-neve-text-color-color has-text-color has-link-color wp-elements-11 is-layout-flow wp-block-details-is-layout-flow\" style=\"font-size:22px;font-style:normal;font-weight:400\" open><summary>Presseberichte 2026<\/summary>\n<ul class=\"wp-block-list\">\n<li class=\"has-neve-link-color-color has-text-color has-link-color wp-elements-12\"><a href=\"https:\/\/heimatverein-borghorst.de\/wp-content\/uploads\/2026\/08\/WN-Abendradtour-BoenstrupCafe-20260825.jpg\" target=\"_blank\" rel=\"noreferrer noopener nofollow\">Ank\u00fcndigung Abendradtour Bauerncaf\u00e9  B\u00f6nstrup 2<\/a><\/li>\n\n\n\n<li class=\"has-neve-link-color-color has-text-color has-link-color wp-elements-13\"><a href=\"https:\/\/heimatverein-borghorst.de\/wp-content\/uploads\/2026\/08\/WN-Abendradtour-BoenstrupCafe-20260822.jpg\" target=\"_blank\" rel=\"noreferrer noopener nofollow\">Ank\u00fcndigung Abendradtour Bauerncaf\u00e9  B\u00f6nstrup 1<\/a><\/li>\n\n\n\n<li class=\"has-neve-link-color-color has-text-color has-link-color wp-elements-14\"><a href=\"https:\/\/heimatverein-borghorst.de\/wp-content\/uploads\/2026\/08\/WN-Bioenergietour2026.png\" target=\"_blank\" rel=\"noreferrer noopener nofollow\">Bericht vom Bioenergieparkbesuch<\/a><\/li>\n\n\n\n<li class=\"has-neve-link-color-color has-text-color has-link-color wp-elements-15\"><a href=\"https:\/\/heimatverein-borghorst.de\/index.php\/2026\/08\/17\/foto-und-filmshow-der-60-jahre-teil-ii\/\" target=\"_blank\" rel=\"noreferrer noopener nofollow\">Ank\u00fcndigung 60 Jahreshow Teil 1 und 2<\/a><\/li>\n\n\n\n<li class=\"has-neve-link-color-color has-text-color has-link-color wp-elements-16\"><a href=\"https:\/\/heimatverein-borghorst.de\/wp-content\/uploads\/2026\/07\/WN-Bericht-2Tagestour-2026.png\" target=\"_blank\" rel=\"noreferrer noopener nofollow\">Bericht 2 Tagesfahrt nach Wietmarschen<\/a><\/li>\n\n\n\n<li class=\"has-neve-link-color-color has-text-color has-link-color wp-elements-17\"><a href=\"https:\/\/heimatverein-borghorst.de\/wp-content\/uploads\/2026\/07\/WN-Bericht-Emsflower-2026.jpg\" target=\"_blank\" rel=\"noreferrer noopener nofollow\">Bericht vom Besuch bei Emsflower<\/a><\/li>\n\n\n\n<li class=\"has-neve-link-color-color has-text-color has-link-color wp-elements-18\"><a href=\"https:\/\/heimatverein-borghorst.de\/wp-content\/uploads\/2026\/06\/WN-Bericht-Wuemmetour.png\" target=\"_blank\" rel=\"noreferrer noopener nofollow\">Bericht 4-Tagestour der W\u00fcmme entlang<\/a><\/li>\n\n\n\n<li class=\"has-neve-link-color-color has-text-color has-link-color wp-elements-19\"><a href=\"https:\/\/heimatverein-borghorst.de\/wp-content\/uploads\/2026\/06\/WN-Tennenhoftour.png\" type=\"attachment\" id=\"15943\" target=\"_blank\" rel=\"noreferrer noopener nofollow\">Bericht Tagestour zum Tennenhof<\/a><\/li>\n\n\n\n<li class=\"has-neve-link-color-color has-text-color has-link-color wp-elements-20\"><a href=\"https:\/\/heimatverein-borghorst.de\/wp-content\/uploads\/2026\/06\/Brauereibesuch.jpg\" target=\"_blank\" rel=\"noreferrer noopener nofollow\">Bericht \u00fcber Brauereibesuch<\/a><\/li>\n\n\n\n<li class=\"has-neve-link-color-color has-text-color has-link-color wp-elements-21\"><a href=\"https:\/\/heimatverein-borghorst.de\/wp-content\/uploads\/2026\/06\/WN-Besuch-Alpakahof.png\" target=\"_blank\" rel=\"noreferrer noopener nofollow\">Bericht \u00fcber Alpakahofbesuch<\/a><\/li>\n\n\n\n<li class=\"has-neve-link-color-color has-text-color has-link-color wp-elements-22\"><a href=\"https:\/\/heimatverein-borghorst.de\/wp-content\/uploads\/2026\/05\/WN-Ankuendigung-Alpakahof-05.2026.png\" target=\"_blank\" rel=\"noreferrer noopener nofollow\">Ank\u00fcndigung Abendradtour zum Alpakahof<\/a><\/li>\n\n\n\n<li class=\"has-neve-link-color-color has-text-color has-link-color wp-elements-23\"><a href=\"https:\/\/heimatverein-borghorst.de\/wp-content\/uploads\/2026\/05\/WN-Radtour-zum-Spargelhof-2026.png\" target=\"_blank\" rel=\"noreferrer noopener nofollow\">Tour zum Spargelhof Lastering<\/a><\/li>\n\n\n\n<li class=\"has-neve-link-color-color has-text-color has-link-color wp-elements-24\"><a href=\"https:\/\/heimatverein-borghorst.de\/wp-content\/uploads\/2026\/05\/WN-Fotoshow-20260512.png\" type=\"attachment\" id=\"15676\" target=\"_blank\" rel=\"noreferrer noopener nofollow\">Einladung zur 60. Jahre Fotoshow Teil 1<\/a> <\/li>\n\n\n\n<li class=\"has-neve-link-color-color has-text-color has-link-color wp-elements-25\"><a href=\"https:\/\/heimatverein-borghorst.de\/wp-content\/uploads\/2026\/05\/WN-Sternradfahrt-Abschluss.png\" target=\"_blank\" rel=\"noreferrer noopener nofollow\">Abschluss der Sternradfahrt zur Schutzh\u00fctte an den Grafensteinen Ostendorf<\/a><\/li>\n\n\n\n<li class=\"has-neve-link-color-color has-text-color has-link-color wp-elements-26\"><a href=\"https:\/\/heimatverein-borghorst.de\/wp-content\/uploads\/2026\/05\/Steinfurter-04.26-Eiserne-Hochzeit.png\" target=\"_blank\" rel=\"noreferrer noopener nofollow\">Gratulation zur Eisernen Hochzeit II<\/a><\/li>\n\n\n\n<li class=\"has-neve-link-color-color has-text-color has-link-color wp-elements-27\"><a href=\"https:\/\/heimatverein-borghorst.de\/wp-content\/uploads\/2026\/04\/WN-Einladung-zur-Sternfahrt.png\">2. Ank\u00fcndigung zur Sternfahrt<\/a><\/li>\n\n\n\n<li class=\"has-neve-link-color-color has-text-color has-link-color wp-elements-28\"><a href=\"https:\/\/heimatverein-borghorst.de\/wp-content\/uploads\/2026\/04\/WN-Sternradfahrt-HVB-Ankuendigung.png\" type=\"attachment\" id=\"15615\" target=\"_blank\" rel=\"noreferrer noopener nofollow\">Ank\u00fcndigung Sternradfahrt<\/a><\/li>\n\n\n\n<li class=\"has-neve-link-color-color has-text-color has-link-color wp-elements-29\"><a href=\"https:\/\/heimatverein-borghorst.de\/wp-content\/uploads\/2026\/04\/WN-Gratulation-zur-Eisernen-Hochzeit.png\" type=\"attachment\" id=\"15616\" target=\"_blank\" rel=\"noreferrer noopener nofollow\">Gratulation zur Eisernen Hochzeit<\/a><\/li>\n\n\n\n<li class=\"has-neve-link-color-color has-text-color has-link-color wp-elements-30\"><a href=\"https:\/\/heimatverein-borghorst.de\/wp-content\/uploads\/2026\/04\/WN-Fotoshow-Teil1.png\" target=\"_blank\" rel=\"noreferrer noopener nofollow\">Wiederholung der 60 Jahre Foto und Filmshow Teil 1<\/a><\/li>\n\n\n\n<li class=\"has-neve-link-color-color has-text-color has-link-color wp-elements-31\"><a href=\"https:\/\/heimatverein-borghorst.de\/wp-content\/uploads\/2026\/04\/WN-Abendradtour-Kirschbluete-2026.png\" type=\"attachment\" id=\"15557\" target=\"_blank\" rel=\"noreferrer noopener nofollow\">Bericht Abendradtour Kirschbl\u00fcte in Emsdetten<\/a><\/li>\n\n\n\n<li class=\"has-neve-link-color-color has-text-color has-link-color wp-elements-32\"><a href=\"https:\/\/heimatverein-borghorst.de\/wp-content\/uploads\/2026\/04\/WN-Ankuendigung-Emsflowerausflug-2026.png\" type=\"attachment\" id=\"15558\" target=\"_blank\" rel=\"noreferrer noopener nofollow\">Ank\u00fcndigung Emsflowerausflug<\/a><\/li>\n\n\n\n<li class=\"has-neve-link-color-color has-text-color has-link-color wp-elements-33\"><a href=\"https:\/\/heimatverein-borghorst.de\/wp-content\/uploads\/2026\/04\/WN-Karsamstagstour-2026-1.jpg\" target=\"_blank\" rel=\"noreferrer noopener nofollow\">Bericht Karsamstagstour 2026<\/a><\/li>\n\n\n\n<li class=\"has-neve-link-color-color has-text-color has-link-color wp-elements-34\"><a href=\"https:\/\/heimatverein-borghorst.de\/wp-content\/uploads\/2026\/03\/WN-Ankuendigung-Karsamstagstour-2026.png\" target=\"_blank\" rel=\"noreferrer noopener nofollow\">Ank\u00fcndigung Karsamstagstour<\/a><\/li>\n\n\n\n<li><a href=\"https:\/\/heimatverein-borghorst.de\/wp-content\/uploads\/2026\/03\/WN_Kunstausstellung032026.png\" target=\"_blank\" rel=\"noreferrer noopener nofollow\">Ank\u00fcndigung Oster.- und Fr\u00fchjahrsausstellung in der WN<\/a> <\/li>\n\n\n\n<li class=\"has-neve-link-color-color has-text-color has-link-color wp-elements-35\"><a href=\"https:\/\/heimatverein-borghorst.de\/wp-content\/uploads\/2026\/03\/WN_JahresHauptVersammlung_2026.png\" target=\"_blank\" rel=\"noreferrer noopener nofollow\">Bericht Jahreshauptversammlung 2026<\/a><\/li>\n\n\n\n<li class=\"has-neve-link-color-color has-text-color has-link-color wp-elements-36\"><a href=\"https:\/\/heimatverein-borghorst.de\/wp-content\/uploads\/2026\/03\/WN-Fruehjahrswanderung-2026.png\" target=\"_blank\" rel=\"noreferrer noopener nofollow\">Ank\u00fcndigung Fr\u00fchjahrswanderung<\/a><\/li>\n\n\n\n<li class=\"has-neve-link-color-color has-text-color has-link-color wp-elements-37\"><a href=\"https:\/\/heimatverein-borghorst.de\/wp-content\/uploads\/2026\/03\/WN_Einladung-JHv_2026.png\" target=\"_blank\" rel=\"noreferrer noopener nofollow\">Einladung Jahreshauptversammlung<\/a><\/li>\n\n\n\n<li class=\"has-neve-link-color-color has-text-color has-link-color wp-elements-38\"><a href=\"https:\/\/heimatverein-borghorst.de\/wp-content\/uploads\/2026\/03\/Steinfurter-Oster.-und-Fruehjahresausstellung.png\" target=\"_blank\" rel=\"noreferrer noopener nofollow\">Oster und Fr\u00fchjahrsausstellung<\/a><\/li>\n\n\n\n<li class=\"has-neve-link-color-color has-text-color has-link-color wp-elements-39\"><a href=\"https:\/\/heimatverein-borghorst.de\/wp-content\/uploads\/2026\/03\/Steinfurter-Neue-Heimatblaetter.jpg\" target=\"_blank\" rel=\"noreferrer noopener nofollow\">Neue Heimatbl\u00e4tter<\/a> II<\/li>\n\n\n\n<li class=\"has-neve-link-color-color has-text-color has-link-color wp-elements-40\"><a href=\"https:\/\/heimatverein-borghorst.de\/wp-content\/uploads\/2026\/03\/Steinfurter-WHB-Ausstellung.jpg\" target=\"_blank\" rel=\"noreferrer noopener nofollow\">Ausstellung 110 Jahre WHB<\/a> II<\/li>\n\n\n\n<li class=\"has-neve-link-color-color has-text-color has-link-color wp-elements-41\"><a href=\"https:\/\/heimatverein-borghorst.de\/wp-content\/uploads\/2026\/03\/Presse-Foto-Film17.png\" target=\"_blank\" rel=\"noreferrer noopener nofollow\">Foto.-und Filmshow Teil II in WN<\/a><\/li>\n\n\n\n<li class=\"has-neve-link-color-color has-text-color has-link-color wp-elements-42\"><a href=\"https:\/\/heimatverein-borghorst.de\/wp-content\/uploads\/2026\/03\/Presse_WHB-Ausstellung.jpg\" target=\"_blank\" rel=\"noreferrer noopener nofollow\">Ausstellung 110 Jahre WHB<\/a><\/li>\n\n\n\n<li class=\"has-neve-link-color-color has-text-color has-link-color wp-elements-43\"><a href=\"https:\/\/heimatverein-borghorst.de\/wp-content\/uploads\/2026\/02\/Heimatblaetter2026.png\" target=\"_blank\" rel=\"noreferrer noopener nofollow\">Versandvorbereitung der Heimatbl\u00e4tter<\/a><\/li>\n\n\n\n<li class=\"has-neve-link-color-color has-text-color has-link-color wp-elements-44\"><a href=\"https:\/\/heimatverein-borghorst.de\/wp-content\/uploads\/2026\/02\/Winterwanderung-mit-Gruenkohlessen_2026.jpg\" target=\"_blank\" rel=\"noreferrer noopener nofollow\">Winterwanderung mit Gr\u00fcnkohlessen<\/a><\/li>\n\n\n\n<li class=\"has-neve-link-color-color has-text-color has-link-color wp-elements-45\"><a href=\"https:\/\/heimatverein-borghorst.de\/wp-content\/uploads\/2026\/02\/Foto-und-Filmshow-im-Steinfurter.png\">Foto.- und Filmshow Teil II im Steinfurter<\/a><\/li>\n\n\n\n<li class=\"has-neve-link-color-color has-text-color has-link-color wp-elements-46\"><a href=\"https:\/\/heimatverein-borghorst.de\/wp-content\/uploads\/2026\/01\/Ankuendigung-Kohlwanderung.png\" target=\"_blank\" rel=\"noreferrer noopener nofollow\">Ank\u00fcndigung Kohlwanderung<\/a><\/li>\n\n\n\n<li class=\"has-neve-link-color-color has-text-color has-link-color wp-elements-47\"><a href=\"https:\/\/heimatverein-borghorst.de\/wp-content\/uploads\/2026\/01\/Glockenspiel.png\" target=\"_blank\" rel=\"noreferrer noopener nofollow\">Das Glockenspiel am Heimathaus<\/a><\/li>\n\n\n\n<li><a href=\"https:\/\/heimatverein-borghorst.de\/wp-content\/uploads\/2026\/01\/Foto-Filmschow20260114.png\" target=\"_blank\" rel=\"noreferrer noopener nofollow\">Foto.- und Filmschau Teil II<\/a><\/li>\n\n\n\n<li class=\"has-neve-link-color-color has-text-color has-link-color wp-elements-48\"><a href=\"https:\/\/heimatverein-borghorst.de\/wp-content\/uploads\/2026\/01\/Neujahrswanderung-2026.png\" target=\"_blank\" rel=\"noreferrer noopener nofollow\">Neujahrswanderung Abschluss<\/a><\/li>\n\n\n\n<li class=\"has-neve-link-color-color has-text-color has-link-color wp-elements-49\"><a href=\"https:\/\/heimatverein-borghorst.de\/wp-content\/uploads\/2026\/01\/Kohlwanderung-Ankuendigung-2025.png\" target=\"_blank\" rel=\"noreferrer noopener nofollow\">Neujahrswanderung<\/a> Ank\u00fcndigung<\/li>\n\n\n\n<li class=\"has-neve-link-color-color has-text-color has-link-color wp-elements-50\" style=\"font-style:normal;font-weight:500\"><a href=\"https:\/\/heimatverein-borghorst.de\/wp-content\/uploads\/2026\/01\/Silvesterwanderung-2025.png\" target=\"_blank\" rel=\"noreferrer noopener nofollow\">Silvesterwanderung 2025<\/a><\/li>\n<\/ul>\n<\/details>\n\n\n\n<h2 id=\"Presse2025\" class=\"wp-block-heading has-nv-site-bg-color has-text-color has-link-color wp-elements-51\" style=\"font-size:2px\">Presse2025<\/h2>\n\n\n\n<div style=\"height:400px\" aria-hidden=\"true\" class=\"wp-block-spacer\"><\/div>\n\n\n\n<details class=\"wp-block-details has-neve-text-color-color has-text-color has-link-color wp-elements-52 is-layout-flow wp-block-details-is-layout-flow\" style=\"font-size:22px;font-style:normal;font-weight:400\" open><summary>Presseberichte 2025<\/summary>\n<ul class=\"wp-block-list\">\n<li class=\"has-neve-link-color-color has-text-color has-link-color wp-elements-53\"><a href=\"https:\/\/heimatverein-borghorst.de\/wp-content\/uploads\/2025\/12\/in-die-Welt-hinaus.png\" target=\"_blank\" rel=\"noreferrer noopener nofollow\">Zum Jahreswechsel Post f\u00fcr die treuen &#8222;Auswanderer&#8220;<\/a><\/li>\n\n\n\n<li class=\"has-neve-link-color-color has-text-color has-link-color wp-elements-54\"><a href=\"https:\/\/heimatverein-borghorst.de\/wp-content\/uploads\/2025\/12\/Spende-an-Kein-Kind-ohne-Foerderung.png\" target=\"_blank\" rel=\"noreferrer noopener nofollow\">Spende an &#8222;Kein Kind ohne F\u00f6rderung&#8220;<\/a><\/li>\n\n\n\n<li class=\"has-neve-link-color-color has-text-color has-link-color wp-elements-55\"><a href=\"https:\/\/heimatverein-borghorst.de\/wp-content\/uploads\/2025\/12\/Weihnachtsmarkt-2025-Lokalteil.png\" target=\"_blank\" rel=\"noreferrer noopener nofollow\">Lokalteil der WN nach dem Weihnachtsmarkt<\/a><\/li>\n\n\n\n<li class=\"has-neve-link-color-color has-text-color has-link-color wp-elements-56\"><a href=\"https:\/\/heimatverein-borghorst.de\/wp-content\/uploads\/2025\/12\/Weihnachtsmarkt-III.png\"><\/a><a href=\"https:\/\/heimatverein-borghorst.de\/wp-content\/uploads\/2025\/12\/Presse_Weinachtsmarkt25-1.jpg\" target=\"_blank\" rel=\"noreferrer noopener nofollow\">Heimathaus \u00f6ffnet zum Weihnachtsmarkt II<\/a>I<\/li>\n\n\n\n<li class=\"has-neve-link-color-color has-text-color has-link-color wp-elements-57\"><a href=\"https:\/\/heimatverein-borghorst.de\/wp-content\/uploads\/2025\/12\/Presse_Weinachtsmarkt25-1.jpg\" target=\"_blank\" rel=\"noreferrer noopener nofollow\">Heimathaus \u00f6ffnet zum Weihnachtsmarkt II<\/a><\/li>\n\n\n\n<li class=\"has-neve-link-color-color has-text-color has-link-color wp-elements-58\"><a href=\"https:\/\/heimatverein-borghorst.de\/wp-content\/uploads\/2025\/12\/Bueckeburger-Weihnachtsmarkt.png\" target=\"_blank\" rel=\"noreferrer noopener nofollow\">Besuch des Weihnachtsmarktes am B\u00fcckeburger Schloss<\/a><\/li>\n\n\n\n<li class=\"has-neve-link-color-color has-text-color has-link-color wp-elements-59\"><a href=\"https:\/\/heimatverein-borghorst.de\/wp-content\/uploads\/2025\/12\/Adventskonzert-im-Buergersaal-2025.png\" target=\"_blank\" rel=\"noreferrer noopener nofollow\">Adventskonzert im B\u00fcrgersaal<\/a><\/li>\n\n\n\n<li class=\"has-neve-link-color-color has-text-color has-link-color wp-elements-60\"><a href=\"https:\/\/heimatverein-borghorst.de\/wp-content\/uploads\/2025\/12\/Weihnachtsgeschichten-2025.png\" target=\"_blank\" rel=\"noreferrer noopener nofollow\">Ank\u00fcndigung Weihnachtsgeschichten f\u00fcr die Kleinen<\/a><\/li>\n\n\n\n<li class=\"has-neve-link-color-color has-text-color has-link-color wp-elements-61\"><a href=\"https:\/\/heimatverein-borghorst.de\/wp-content\/uploads\/2025\/11\/Heimathaus-und-Ausstellungen.png\" target=\"_blank\" rel=\"noreferrer noopener nofollow\">Heimathaus \u00f6ffnet zum Weihnachtsmarkt<\/a><\/li>\n\n\n\n<li class=\"has-neve-link-color-color has-text-color has-link-color wp-elements-62\"><a href=\"https:\/\/heimatverein-borghorst.de\/wp-content\/uploads\/2025\/11\/Fotoshow-XI.png\" target=\"_blank\" rel=\"noreferrer noopener nofollow\">Foto und Filmshow Teil 2 zum 11. Mal<\/a><\/li>\n\n\n\n<li class=\"has-neve-link-color-color has-text-color has-link-color wp-elements-63\"><a href=\"https:\/\/heimatverein-borghorst.de\/wp-content\/uploads\/2025\/11\/Wustebrotessen-V.png\" target=\"_blank\" rel=\"noreferrer noopener nofollow\">Wanderung mit Wurstebrotessen<\/a><\/li>\n\n\n\n<li class=\"has-neve-link-color-color has-text-color has-link-color wp-elements-64\"><a href=\"https:\/\/heimatverein-borghorst.de\/wp-content\/uploads\/2025\/11\/Steinfurter-Geschichtstage-Lokalteil.png\" target=\"_blank\" rel=\"noreferrer noopener nofollow\">7. Steinfurter Geschichtstage Lokalteil<\/a><\/li>\n\n\n\n<li class=\"has-neve-link-color-color has-text-color has-link-color wp-elements-65\"><a href=\"https:\/\/heimatverein-borghorst.de\/wp-content\/uploads\/2025\/11\/Geschichtstage-Titelbild.png\" target=\"_blank\" rel=\"noreferrer noopener nofollow\">7. Steinfurter Geschichtstage Titelblatt<\/a><\/li>\n\n\n\n<li class=\"has-neve-link-color-color has-text-color has-link-color wp-elements-66\"><a href=\"https:\/\/heimatverein-borghorst.de\/wp-content\/uploads\/2025\/11\/Wurstebrotessen-2025-Ankuendigung.png\" target=\"_blank\" rel=\"noreferrer noopener nofollow\">Wurstebrotessen Ank\u00fcndigung<\/a><\/li>\n\n\n\n<li class=\"has-neve-link-color-color has-text-color has-link-color wp-elements-67\"><a href=\"https:\/\/heimatverein-borghorst.de\/wp-content\/uploads\/2025\/11\/Ankuendigung-Adventskonzert-2025.png\" target=\"_blank\" rel=\"noreferrer noopener nofollow\">Adventskonzert 2025<\/a><\/li>\n\n\n\n<li class=\"has-neve-link-color-color has-text-color has-link-color wp-elements-68\"><a href=\"https:\/\/heimatverein-borghorst.de\/wp-content\/uploads\/2025\/11\/Foto-und-Filmshow-Teil-2-zum-10ten-mal.png\" target=\"_blank\" rel=\"noreferrer noopener nofollow\">Foto und Filmshow Teil 2 zum 10. Mal<\/a><\/li>\n\n\n\n<li class=\"has-neve-link-color-color has-text-color has-link-color wp-elements-69\"><a href=\"https:\/\/heimatverein-borghorst.de\/wp-content\/uploads\/2025\/11\/Akt-der-Gemeinschaft.png\" target=\"_blank\" rel=\"noreferrer noopener nofollow\">Akt der Gemeinschaft &#8211; Heimatverein beteiligt sich an Reparatur <\/a><\/li>\n\n\n\n<li class=\"has-neve-link-color-color has-text-color has-link-color wp-elements-70\"><a href=\"https:\/\/heimatverein-borghorst.de\/wp-content\/uploads\/2025\/11\/Geschichtstag-2.png\" target=\"_blank\" rel=\"noreferrer noopener nofollow\">Heimatverein beteiligt sich bei den 7. Steinfurter Geschichtstagen<\/a> 2<\/li>\n\n\n\n<li class=\"has-neve-link-color-color has-text-color has-link-color wp-elements-71\"><a href=\"https:\/\/heimatverein-borghorst.de\/wp-content\/uploads\/2025\/10\/Borghorst-60-Show.png\" target=\"_blank\" rel=\"noreferrer noopener nofollow\">Fotoshow aus den 60. Jahren Teil 2 (Wiederholung)<\/a><\/li>\n\n\n\n<li class=\"has-neve-link-color-color has-text-color has-link-color wp-elements-72\"><a href=\"https:\/\/heimatverein-borghorst.de\/wp-content\/uploads\/2025\/10\/7te-Steinfurter-Geschichtstage.png\" target=\"_blank\" rel=\"noreferrer noopener nofollow\">Heimatverein beteiligt sich bei den 7. Steinfurter Geschichtstagen<\/a><\/li>\n\n\n\n<li class=\"has-neve-link-color-color has-text-color has-link-color wp-elements-73\"><a href=\"https:\/\/heimatverein-borghorst.de\/wp-content\/uploads\/2025\/10\/Theaterpremiere2025-II.png\" target=\"_blank\" rel=\"noreferrer noopener nofollow\">Premiere &#8222;Kaviar dri\u00e4ff Currywuorst&#8220; II<\/a><\/li>\n\n\n\n<li class=\"has-neve-link-color-color has-text-color has-link-color wp-elements-74\"><a href=\"https:\/\/heimatverein-borghorst.de\/wp-content\/uploads\/2025\/10\/Theaterpremiere2025.png\" target=\"_blank\" rel=\"noreferrer noopener nofollow\">Premiere &#8222;Kaviar dri\u00e4ff Currywuorst&#8220; I<\/a><\/li>\n\n\n\n<li class=\"has-neve-link-color-color has-text-color has-link-color wp-elements-75\"><a href=\"https:\/\/heimatverein-borghorst.de\/wp-content\/uploads\/2025\/10\/Herbstwanderung.png\" target=\"_blank\" rel=\"noreferrer noopener nofollow\">Herbstwanderung im Stevertal<\/a><\/li>\n\n\n\n<li class=\"has-neve-link-color-color has-text-color has-link-color wp-elements-76\"><a href=\"https:\/\/heimatverein-borghorst.de\/wp-content\/uploads\/2025\/10\/Fotoshow-16.png\" target=\"_blank\" rel=\"noreferrer noopener nofollow\">Fotoshow zum 12. Mal &#8211; 2<\/a><\/li>\n\n\n\n<li class=\"has-neve-link-color-color has-text-color has-link-color wp-elements-77\"><a href=\"https:\/\/heimatverein-borghorst.de\/wp-content\/uploads\/2025\/10\/herbstwanderung-im-Stevertal.png\" target=\"_blank\" rel=\"noreferrer noopener nofollow\">Herbstwanderung im Stevertal<\/a><\/li>\n\n\n\n<li class=\"has-neve-link-color-color has-text-color has-link-color wp-elements-78\"><a href=\"https:\/\/heimatverein-borghorst.de\/wp-content\/uploads\/2025\/09\/Lambertus-2025.png\" target=\"_blank\" rel=\"noreferrer noopener nofollow\">Lambertusfeier 2025 &#8211; 4<\/a><\/li>\n\n\n\n<li class=\"has-neve-link-color-color has-text-color has-link-color wp-elements-79\"><a href=\"https:\/\/heimatverein-borghorst.de\/wp-content\/uploads\/2025\/09\/Dudek-2.png\" target=\"_blank\" rel=\"noreferrer noopener nofollow\">Jahresabschlu\u00df Radtouren &#8211; 2<\/a><\/li>\n\n\n\n<li class=\"has-neve-link-color-color has-text-color has-link-color wp-elements-80\"><a href=\"https:\/\/heimatverein-borghorst.de\/wp-content\/uploads\/2025\/09\/Lambertus-3.png\" target=\"_blank\" rel=\"noreferrer noopener nofollow\">Lambertusfeier 2025 &#8211; 3<\/a><\/li>\n\n\n\n<li class=\"has-neve-link-color-color has-text-color has-link-color wp-elements-81\"><a href=\"https:\/\/heimatverein-borghorst.de\/wp-content\/uploads\/2025\/09\/Fotoshow-11.png\" target=\"_blank\" rel=\"noreferrer noopener nofollow\">Fotoshow zum 12. Mal<\/a><\/li>\n\n\n\n<li class=\"has-neve-link-color-color has-text-color has-link-color wp-elements-82\"><a href=\"https:\/\/heimatverein-borghorst.de\/wp-content\/uploads\/2025\/09\/IMG-202509160.jpg\" target=\"_blank\" rel=\"noreferrer noopener nofollow\">Lambertusfeier 2025<\/a> &#8211; 2<\/li>\n\n\n\n<li class=\"has-neve-link-color-color has-text-color has-link-color wp-elements-83\"><a href=\"https:\/\/heimatverein-borghorst.de\/wp-content\/uploads\/2025\/09\/Toepferausstellung-Leineweberhaus.png\" target=\"_blank\" rel=\"noreferrer noopener nofollow\">T\u00f6pferausstellung zum Denkmaltag<\/a><\/li>\n\n\n\n<li class=\"has-neve-link-color-color has-text-color has-link-color wp-elements-84\"><a href=\"https:\/\/heimatverein-borghorst.de\/wp-content\/uploads\/2025\/09\/Abenddradtour-nach-Sellen.png\" target=\"_blank\" rel=\"noreferrer noopener nofollow\">Jahresabschlu\u00df Radtouren<\/a><\/li>\n\n\n\n<li class=\"has-neve-link-color-color has-text-color has-link-color wp-elements-85\"><a href=\"https:\/\/heimatverein-borghorst.de\/wp-content\/uploads\/2025\/09\/Lambertusfeier2025.png\" target=\"_blank\" rel=\"noreferrer noopener nofollow\">Lambertusfeier 2025<\/a><\/li>\n\n\n\n<li class=\"has-neve-link-color-color has-text-color has-link-color wp-elements-86\"><a href=\"https:\/\/heimatverein-borghorst.de\/wp-content\/uploads\/2025\/09\/Denkmaltag.png\" target=\"_blank\" rel=\"noreferrer noopener nofollow\">Leineweberhaus zum Denkmaltag<\/a><\/li>\n\n\n\n<li class=\"has-neve-link-color-color has-text-color has-link-color wp-elements-87\"><a href=\"https:\/\/heimatverein-borghorst.de\/wp-content\/uploads\/2025\/09\/Nachruf-Bernie-Kerkering.png\" target=\"_blank\" rel=\"noreferrer noopener nofollow\">Nachruf Bernie Kerkering<\/a><\/li>\n\n\n\n<li class=\"has-neve-link-color-color has-text-color has-link-color wp-elements-88\"><a href=\"https:\/\/heimatverein-borghorst.de\/wp-content\/uploads\/2025\/09\/Kaviar_trift_Currywurst_Vorverkauf.png\" target=\"_blank\" rel=\"noreferrer noopener nofollow\">Kaviar trifft Currywurst Vorverkaufsank\u00fcndigung<\/a><\/li>\n\n\n\n<li class=\"has-neve-link-color-color has-text-color has-link-color wp-elements-89\"><a href=\"https:\/\/heimatverein-borghorst.de\/wp-content\/uploads\/2025\/09\/Schweinemarkt-und-HVB.png\" target=\"_blank\" rel=\"noreferrer noopener nofollow\">Zum Schweinemarkt ist das Heimathaus ge\u00f6ffnet<\/a><\/li>\n\n\n\n<li class=\"has-neve-link-color-color has-text-color has-link-color wp-elements-90\"><a href=\"https:\/\/heimatverein-borghorst.de\/wp-content\/uploads\/2025\/09\/Offene_Tuer_Schweinemarkt.png\" target=\"_blank\" rel=\"noreferrer noopener nofollow\">Heimathaus \u00d6ffnung 6. und 7.09.2025<\/a><\/li>\n\n\n\n<li class=\"has-neve-link-color-color has-text-color has-link-color wp-elements-91\"><a href=\"https:\/\/heimatverein-borghorst.de\/wp-content\/uploads\/2025\/09\/Coesfeldtour.png\" target=\"_blank\" rel=\"noreferrer noopener nofollow\">Tagestour nach Coesfeld II<\/a><\/li>\n\n\n\n<li class=\"has-neve-link-color-color has-text-color has-link-color wp-elements-92\"><a href=\"https:\/\/heimatverein-borghorst.de\/wp-content\/uploads\/2025\/08\/Tagestour-nach-Coesfeld.png\" target=\"_blank\" rel=\"noreferrer noopener nofollow\">Tagestour nach Coesfeld<\/a> <\/li>\n\n\n\n<li class=\"has-neve-link-color-color has-text-color has-link-color wp-elements-93\"><a href=\"https:\/\/heimatverein-borghorst.de\/wp-content\/uploads\/2025\/08\/2-Tagestour-Abschluss.png\" target=\"_blank\" rel=\"noreferrer noopener nofollow\">2 Tagestour nach L\u00fcdinghausen<\/a><\/li>\n\n\n\n<li class=\"has-neve-link-color-color has-text-color has-link-color wp-elements-94\"><a href=\"https:\/\/heimatverein-borghorst.de\/wp-content\/uploads\/2025\/08\/Offene-Tuer-Heimathaus-03.08.2025.png\" target=\"_blank\" rel=\"noreferrer noopener nofollow\">Offene T\u00fcr 03.08.2025<\/a><\/li>\n\n\n\n<li class=\"has-neve-link-color-color has-text-color has-link-color wp-elements-95\"><a href=\"https:\/\/heimatverein-borghorst.de\/wp-content\/uploads\/2025\/07\/Ernas-Kneipe-braucht-Sterne.jpg\" target=\"_blank\" rel=\"noreferrer noopener nofollow\">Theaterprobe zu Ernas Kneipe braucht Sterne<\/a><\/li>\n\n\n\n<li class=\"has-neve-link-color-color has-text-color has-link-color wp-elements-96\"><a href=\"https:\/\/heimatverein-borghorst.de\/wp-content\/uploads\/2025\/07\/Abendtour-zum-Minigolfplatz-Metelen.png\" target=\"_blank\" rel=\"noreferrer noopener nofollow\">Abendradtour nach Metelen<\/a><\/li>\n\n\n\n<li class=\"has-neve-link-color-color has-text-color has-link-color wp-elements-97\"><a href=\"https:\/\/heimatverein-borghorst.de\/wp-content\/uploads\/2025\/07\/Abendradtur-nach-Metelen.png\" target=\"_blank\" rel=\"noreferrer noopener nofollow\">Abendradtour nach Melelen<\/a><\/li>\n\n\n\n<li class=\"has-neve-link-color-color has-text-color has-link-color wp-elements-98\"><a href=\"https:\/\/heimatverein-borghorst.de\/wp-content\/uploads\/2026\/01\/Tagestour-Rieselfelder-2.png\" target=\"_blank\" rel=\"noreferrer noopener nofollow\">Tagestour zu den Rieselfeldern M\u00fcnster 2<\/a><\/li>\n\n\n\n<li class=\"has-neve-link-color-color has-text-color has-link-color wp-elements-99\"><a href=\"https:\/\/heimatverein-borghorst.de\/wp-content\/uploads\/2026\/01\/Rieselfeldertour_20250701.png\" target=\"_blank\" rel=\"noreferrer noopener nofollow\">Radtour in die Rieselfelder bei M\u00fcnster<\/a><\/li>\n\n\n\n<li class=\"has-neve-link-color-color has-text-color has-link-color wp-elements-100\"><a href=\"https:\/\/heimatverein-borghorst.de\/wp-content\/uploads\/2025\/07\/Heimathaus-Oeffnung-20250620.jpg\" target=\"_blank\" rel=\"noreferrer noopener nofollow\">Heimathaus \u00d6ffnung 20.06.2025<\/a><\/li>\n\n\n\n<li class=\"has-neve-link-color-color has-text-color has-link-color wp-elements-101\"><a href=\"https:\/\/heimatverein-borghorst.de\/wp-content\/uploads\/2025\/07\/Heimat.png\" target=\"_blank\" rel=\"noreferrer noopener nofollow\">Artikel zum Heimatbegriff von Karl-August Valk<\/a><\/li>\n\n\n\n<li class=\"has-neve-link-color-color has-text-color has-link-color wp-elements-102\"><a href=\"https:\/\/heimatverein-borghorst.de\/wp-content\/uploads\/2026\/01\/Opferstock-2.png\" target=\"_blank\" rel=\"noreferrer noopener nofollow\">Opferstock\u00fcbergabe II<\/a><\/li>\n\n\n\n<li class=\"has-neve-link-color-color has-text-color has-link-color wp-elements-103\"><a href=\"https:\/\/heimatverein-borghorst.de\/wp-content\/uploads\/2026\/01\/Zauberwald.png\" target=\"_blank\" rel=\"noreferrer noopener nofollow\">Abendradtour zum Zauberwald<\/a><\/li>\n\n\n\n<li class=\"has-neve-link-color-color has-text-color has-link-color wp-elements-104\"><a href=\"https:\/\/heimatverein-borghorst.de\/wp-content\/uploads\/2026\/01\/DrilaenderSee.png\" target=\"_blank\" rel=\"noreferrer noopener nofollow\">Tagesradtour zum Drilandsee II<\/a><\/li>\n\n\n\n<li class=\"has-neve-link-color-color has-text-color has-link-color wp-elements-105\"><a href=\"https:\/\/heimatverein-borghorst.de\/wp-content\/uploads\/2026\/01\/Villa-Huegel-Besuch.png\" target=\"_blank\" rel=\"noreferrer noopener nofollow\">Besuch der &#8222;Villa H\u00fcgel&#8220; und des Gruga Parks in Essen<\/a><\/li>\n\n\n\n<li class=\"has-neve-link-color-color has-text-color has-link-color wp-elements-106\"><a href=\"https:\/\/heimatverein-borghorst.de\/wp-content\/uploads\/2026\/01\/Drilandseetour.png\" target=\"_blank\" rel=\"noreferrer noopener nofollow\">Tagestour zum Drilandsee<\/a><\/li>\n\n\n\n<li class=\"has-neve-link-color-color has-text-color has-link-color wp-elements-107\"><a href=\"https:\/\/heimatverein-borghorst.de\/wp-content\/uploads\/2026\/01\/Vennbahntour.png\" target=\"_blank\" rel=\"noreferrer noopener nofollow\">4 Tagestour Vennradweg<\/a><\/li>\n\n\n\n<li class=\"has-neve-link-color-color has-text-color has-link-color wp-elements-108\"><a href=\"https:\/\/heimatverein-borghorst.de\/wp-content\/uploads\/2026\/01\/Brunnenfest-2025.png\" target=\"_blank\" rel=\"noreferrer noopener nofollow\">Heimathaus Caf\u00e8 zum Brunnenfest<\/a><\/li>\n\n\n\n<li class=\"has-neve-link-color-color has-text-color has-link-color wp-elements-109\"><a href=\"https:\/\/heimatverein-borghorst.de\/wp-content\/uploads\/2026\/01\/Fotoshow-III.png\" target=\"_blank\" rel=\"noreferrer noopener nofollow\">Foto und Filmshow Weitere Termine<\/a><\/li>\n\n\n\n<li class=\"has-neve-link-color-color has-text-color has-link-color wp-elements-110\"><a href=\"https:\/\/heimatverein-borghorst.de\/wp-content\/uploads\/2026\/01\/Karsamstagstour.png\" target=\"_blank\" rel=\"noreferrer noopener nofollow\">Radtour am Karsamstag II<\/a><\/li>\n\n\n\n<li class=\"has-neve-link-color-color has-text-color has-link-color wp-elements-111\"><a href=\"https:\/\/heimatverein-borghorst.de\/wp-content\/uploads\/2026\/01\/Radtor-am-Karsamstag-2025-A.png\" target=\"_blank\" rel=\"noreferrer noopener nofollow\">Radtour am Karsamstag<\/a> I<\/li>\n\n\n\n<li class=\"has-neve-link-color-color has-text-color has-link-color wp-elements-112\"><a href=\"https:\/\/heimatverein-borghorst.de\/wp-content\/uploads\/2026\/01\/Kirschbluete2025.png\" target=\"_blank\" rel=\"noreferrer noopener nofollow\">Abendradtour zur Kirschbl\u00fcte<\/a><\/li>\n\n\n\n<li class=\"has-neve-link-color-color has-text-color has-link-color wp-elements-113\"><a href=\"https:\/\/heimatverein-borghorst.de\/wp-content\/uploads\/2025\/03\/Fruehlingsazsstellung.png\" target=\"_blank\" rel=\"noreferrer noopener nofollow\"><\/a><a href=\"https:\/\/heimatverein-borghorst.de\/wp-content\/uploads\/2026\/01\/Fruehlingsazsstellung.png\" target=\"_blank\" rel=\"noreferrer noopener nofollow\">Oster und Fr\u00fchlingsausstellung II<\/a>I<\/li>\n\n\n\n<li class=\"has-neve-link-color-color has-text-color has-link-color wp-elements-114\"><a href=\"https:\/\/heimatverein-borghorst.de\/wp-content\/uploads\/2026\/01\/Oster-und-Fruehlingsausstellung.png\" target=\"_blank\" rel=\"noreferrer noopener nofollow\">Oster und Fr\u00fchlingsausstellung II<\/a><\/li>\n\n\n\n<li class=\"has-neve-link-color-color has-text-color has-link-color wp-elements-115\"><a href=\"https:\/\/heimatverein-borghorst.de\/wp-content\/uploads\/2026\/01\/Abendradtour01_25.png\" target=\"_blank\" rel=\"noreferrer noopener nofollow\">Abendradtour Kirschbl\u00fcte<\/a><\/li>\n\n\n\n<li class=\"has-neve-link-color-color has-text-color has-link-color wp-elements-116\"><a href=\"https:\/\/heimatverein-borghorst.de\/wp-content\/uploads\/2026\/01\/Oster-Fruehjahrsausstellung.png\" target=\"_blank\" rel=\"noreferrer noopener nofollow\">Oster.- und Fr\u00fchjahrsausstellung<\/a> I<\/li>\n\n\n\n<li class=\"has-neve-link-color-color has-text-color has-link-color wp-elements-117\"><a href=\"https:\/\/heimatverein-borghorst.de\/wp-content\/uploads\/2026\/01\/Uebergabe-Opferstock.png\" target=\"_blank\" rel=\"noreferrer noopener nofollow\">\u00dcbergabe Opferstock<\/a><\/li>\n\n\n\n<li class=\"has-neve-link-color-color has-text-color has-link-color wp-elements-118\"><a href=\"https:\/\/heimatverein-borghorst.de\/wp-content\/uploads\/2026\/01\/60er-Fotoshow_April.png\" target=\"_blank\" rel=\"noreferrer noopener nofollow\">2 weitere Termine Foto und Filmshow<\/a><\/li>\n\n\n\n<li class=\"has-neve-link-color-color has-text-color has-link-color wp-elements-119\"><a href=\"https:\/\/heimatverein-borghorst.de\/wp-content\/uploads\/2026\/01\/Fruehjahrstour.png\" target=\"_blank\" rel=\"noreferrer noopener nofollow\">Fr\u00fchjahreswanderung zum Kloster Gravenhorst<\/a><\/li>\n\n\n\n<li class=\"has-neve-link-color-color has-text-color has-link-color wp-elements-120\"><a href=\"https:\/\/heimatverein-borghorst.de\/wp-content\/uploads\/2026\/01\/Hauptversammlung_1.png\" target=\"_blank\" rel=\"noreferrer noopener nofollow\">Jahreshauptversammlung 1<\/a><\/li>\n\n\n\n<li class=\"has-neve-link-color-color has-text-color has-link-color wp-elements-121\"><a href=\"https:\/\/heimatverein-borghorst.de\/wp-content\/uploads\/2026\/01\/Hauptversammlung_2.png\" target=\"_blank\" rel=\"noreferrer noopener nofollow\">Jahreshauptversammlung 2<\/a><\/li>\n\n\n\n<li class=\"has-neve-link-color-color has-text-color has-link-color wp-elements-122\"><a href=\"https:\/\/heimatverein-borghorst.de\/wp-content\/uploads\/2026\/01\/Foto-Filmshow-Wiederholung.png\" target=\"_blank\" rel=\"noreferrer noopener nofollow\">Wiederholung Foto und Filmshow<\/a><\/li>\n\n\n\n<li class=\"has-neve-link-color-color has-text-color has-link-color wp-elements-123\"><a href=\"https:\/\/heimatverein-borghorst.de\/wp-content\/uploads\/2026\/01\/Erinnerung-Jahreshauptversammlung-2025.png\" target=\"_blank\" rel=\"noreferrer noopener nofollow\">Erinnerung Jahreshauptversammlung<\/a><\/li>\n\n\n\n<li class=\"has-neve-link-color-color has-text-color has-link-color wp-elements-124\"><a href=\"https:\/\/heimatverein-borghorst.de\/wp-content\/uploads\/2026\/01\/Fruehjahrswanderung2025.png\" target=\"_blank\" rel=\"noreferrer noopener nofollow\">Fr\u00fchjahrswanderung zum Kloster Gravenhorst.png<\/a><\/li>\n\n\n\n<li class=\"has-neve-link-color-color has-text-color has-link-color wp-elements-125\"><a href=\"https:\/\/heimatverein-borghorst.de\/wp-content\/uploads\/2026\/01\/Ersatztermin-Medienshow.png\" target=\"_blank\" rel=\"noreferrer noopener nofollow\">Foto und Filmshow Ersatztermin II.png<\/a><\/li>\n\n\n\n<li class=\"has-neve-link-color-color has-text-color has-link-color wp-elements-126\"><a href=\"https:\/\/heimatverein-borghorst.de\/wp-content\/uploads\/2026\/01\/Vorstellung-Heimatblatt-2025.png\" target=\"_blank\" rel=\"noreferrer noopener nofollow\">Vorstellung des Heimatblattes 2025<\/a><\/li>\n\n\n\n<li class=\"has-neve-link-color-color has-text-color has-link-color wp-elements-127\"><a href=\"https:\/\/heimatverein-borghorst.de\/wp-content\/uploads\/2026\/01\/Hauptversammlung_2025.png\" target=\"_blank\" rel=\"noreferrer noopener nofollow\">Jahreshauptversammlung 2025<\/a><\/li>\n\n\n\n<li class=\"has-neve-link-color-color has-text-color has-link-color wp-elements-128\"><a href=\"https:\/\/heimatverein-borghorst.de\/wp-content\/uploads\/2026\/01\/Filmshow_Nachholtermin.png\" target=\"_blank\" rel=\"noreferrer noopener nofollow\">Foto und Filmshow Nachholtermine<\/a><\/li>\n\n\n\n<li class=\"has-neve-link-color-color has-text-color has-link-color wp-elements-129\"><a href=\"https:\/\/heimatverein-borghorst.de\/wp-content\/uploads\/2026\/01\/Foto-und-Filmshow-Absage.png\" target=\"_blank\" rel=\"noreferrer noopener nofollow\">Foto und Filmshow Absage<\/a><\/li>\n\n\n\n<li class=\"has-neve-link-color-color has-text-color has-link-color wp-elements-130\"><a href=\"https:\/\/heimatverein-borghorst.de\/wp-content\/uploads\/2026\/01\/Kohltour.png\" target=\"_blank\" rel=\"noreferrer noopener nofollow\">Wanderung mit Gr\u00fcnkohlessen<\/a><\/li>\n\n\n\n<li class=\"has-neve-link-color-color has-text-color has-link-color wp-elements-131\"><a href=\"https:\/\/heimatverein-borghorst.de\/wp-content\/uploads\/2026\/01\/Fotoshow-Teil-2.png\" target=\"_blank\" rel=\"noreferrer noopener nofollow\">Fotos aus den 60ern Teil-2<\/a><\/li>\n\n\n\n<li class=\"has-neve-link-color-color has-text-color has-link-color wp-elements-132\"><a href=\"https:\/\/heimatverein-borghorst.de\/wp-content\/uploads\/2026\/01\/Fotos-aus-den-60ern.png\" target=\"_blank\" rel=\"noreferrer noopener nofollow\">Fotos aus den 60ern<\/a><\/li>\n\n\n\n<li class=\"has-neve-link-color-color has-text-color has-link-color wp-elements-133\"><a href=\"https:\/\/heimatverein-borghorst.de\/wp-content\/uploads\/2026\/01\/Neujahrswanderung-zur-Konzerthalle.png\" target=\"_blank\" rel=\"noreferrer noopener nofollow\">Neujahrswanderung zur Konzerthalle<\/a><\/li>\n\n\n\n<li class=\"has-neve-link-color-color has-text-color has-link-color wp-elements-134\"><a href=\"https:\/\/heimatverein-borghorst.de\/wp-content\/uploads\/2026\/01\/de-Leiwe_20250110.png\" target=\"_blank\" rel=\"noreferrer noopener nofollow\">de Leiwe, de Frust, de Schwiegermoder<\/a><\/li>\n\n\n\n<li class=\"has-neve-link-color-color has-text-color has-link-color wp-elements-135\"><a href=\"https:\/\/heimatverein-borghorst.de\/wp-content\/uploads\/2026\/01\/Einladung-zur-Neujahrswanderung_110125.png\" target=\"_blank\" rel=\"noreferrer noopener nofollow\">Einladung zur Neujahrswanderung_110125<\/a><\/li>\n\n\n\n<li class=\"has-neve-link-color-color has-text-color has-link-color wp-elements-136\"><a href=\"https:\/\/heimatverein-borghorst.de\/wp-content\/uploads\/2026\/01\/Silvesterwanderung_2024.jpg\" target=\"_blank\" rel=\"noreferrer noopener nofollow\">Jahresr\u00fcckblick 2024<\/a><\/li>\n<\/ul>\n\n\n\n<p class=\"wp-block-paragraph\"><\/p>\n<\/details>\n\n\n\n<h2 id=\"Presse2024\" class=\"wp-block-heading has-nv-site-bg-color has-text-color has-link-color wp-elements-137\" style=\"font-size:2px\">Presse2024<\/h2>\n\n\n\n<div style=\"height:400px\" aria-hidden=\"true\" class=\"wp-block-spacer\"><\/div>\n\n\n\n<details class=\"wp-block-details has-neve-text-color-color has-text-color has-link-color wp-elements-138 is-layout-flow wp-block-details-is-layout-flow\" style=\"font-size:22px;font-style:normal;font-weight:400\" open><summary>Presseberichte 2024<\/summary>\n<ul class=\"wp-block-list\">\n<li class=\"has-neve-link-color-color has-text-color has-link-color has-medium-font-size wp-elements-139\" style=\"font-style:normal;font-weight:500\"><a href=\"https:\/\/heimatverein-borghorst.de\/wp-content\/uploads\/2026\/01\/Scan_20241221.png\" target=\"_blank\" rel=\"noreferrer noopener nofollow\">Theaterauff\u00fchrung De Leiwe..<\/a><\/li>\n\n\n\n<li class=\"has-neve-link-color-color has-text-color has-link-color has-medium-font-size wp-elements-140\" style=\"font-style:normal;font-weight:500\"><a href=\"https:\/\/heimatverein-borghorst.de\/wp-content\/uploads\/2024\/12\/Einladung-Silvesterwanderung.jpg\" target=\"_blank\" rel=\"noreferrer noopener nofollow\">Einladung Silvesterwanderung<\/a><\/li>\n\n\n\n<li class=\"has-neve-link-color-color has-text-color has-link-color has-medium-font-size wp-elements-141\" style=\"font-style:normal;font-weight:500\"><a href=\"https:\/\/heimatverein-borghorst.de\/wp-content\/uploads\/2024\/11\/xMas-Frauengruppe.jpg\" target=\"_blank\" rel=\"noreferrer noopener nofollow\">Weihnachtsmarkt Aktivit\u00e4ten im Heimathaus<\/a><\/li>\n\n\n\n<li class=\"has-neve-link-color-color has-text-color has-link-color has-medium-font-size wp-elements-142\" style=\"font-style:normal;font-weight:500\"><a href=\"https:\/\/heimatverein-borghorst.de\/wp-content\/uploads\/2024\/11\/Weihnachtsgeschichten_20241213.jpg\" target=\"_blank\" rel=\"noreferrer noopener nofollow\">Weihnachtsgeschichten<\/a><\/li>\n\n\n\n<li class=\"has-neve-link-color-color has-text-color has-link-color has-medium-font-size wp-elements-143\" style=\"font-style:normal;font-weight:500\"><a href=\"https:\/\/heimatverein-borghorst.de\/wp-content\/uploads\/2024\/12\/WN021224.jpg\" target=\"_blank\" rel=\"noreferrer noopener nofollow\">Spende Kreissparkasse<\/a><\/li>\n\n\n\n<li class=\"has-neve-link-color-color has-text-color has-link-color has-medium-font-size wp-elements-144\" style=\"font-style:normal;font-weight:500\"><a href=\"https:\/\/heimatverein-borghorst.de\/wp-content\/uploads\/2024\/12\/WN04.12.2024.jpg\" target=\"_blank\" rel=\"noreferrer noopener nofollow\">Adventskonzert<\/a><\/li>\n\n\n\n<li class=\"has-neve-link-color-color has-text-color has-link-color has-medium-font-size wp-elements-145\" style=\"font-style:normal;font-weight:500\"><a href=\"https:\/\/heimatverein-borghorst.de\/wp-content\/uploads\/2024\/11\/Presse_Herbstwanderung_11_24.png\" target=\"_blank\" rel=\"noreferrer noopener nofollow\">Herbstwanderung<\/a><\/li>\n\n\n\n<li class=\"has-neve-link-color-color has-text-color has-link-color has-medium-font-size wp-elements-146\" style=\"font-style:normal;font-weight:500\"><a href=\"http:\/\/wordpress.p667731.webspaceconfig.de\/wp-content\/uploads\/2024\/10\/Pressebericht-24-3.jpg\" target=\"_blank\" rel=\"noreferrer noopener nofollow\">Geo-Museum Zuholt<\/a><\/li>\n\n\n\n<li class=\"has-neve-link-color-color has-text-color has-link-color has-medium-font-size wp-elements-147\" style=\"font-style:normal;font-weight:500\"><a href=\"http:\/\/wordpress.p667731.webspaceconfig.de\/wp-content\/uploads\/2024\/10\/Pressebericht-24-2.jpg\" target=\"_blank\" rel=\"noreferrer noopener nofollow\">Jahreshauptversammlung<\/a><\/li>\n\n\n\n<li class=\"has-neve-link-color-color has-text-color has-link-color has-medium-font-size wp-elements-148\" style=\"font-style:normal;font-weight:500\"><a href=\"http:\/\/wordpress.p667731.webspaceconfig.de\/wp-content\/uploads\/2024\/10\/Pressebericht-24-1.jpg\" target=\"_blank\" rel=\"noreferrer noopener nofollow\">Augustin Wibbelt Lesung<\/a><\/li>\n<\/ul>\n<\/details>\n\n\n\n<div style=\"height:150px\" aria-hidden=\"true\" class=\"wp-block-spacer\"><\/div>\n\n\n\n<p class=\"wp-block-paragraph\"><\/p>\n","protected":false},"excerpt":{"rendered":"<p>Presse2026 Presse2025 Presse2024<\/p>\n","protected":false},"author":5,"featured_media":0,"parent":0,"menu_order":0,"comment_status":"closed","ping_status":"closed","template":"","meta":{"_canonical_pages":true,"_canonical_pages_meta":{"option":"this","url":""},"neve_meta_sidebar":"","neve_meta_container":"","neve_meta_enable_content_width":"off","neve_meta_content_width":70,"neve_meta_title_alignment":"","neve_meta_author_avatar":"","neve_post_elements_order":"","neve_meta_disable_header":"","neve_meta_disable_footer":"","neve_meta_disable_title":"on","pgc_sgb_lightbox_settings":"","footnotes":""},"class_list":["post-2701","page","type-page","status-publish","hentry"],"yoast_head":"<!-- This site is optimized with the Yoast SEO plugin v28.4 - https:\/\/yoast.com\/product\/yoast-seo-wordpress\/ -->\n<title>Archiv Presseberichte - Heimatverein-Borghorst e.V.<\/title>\n<meta name=\"robots\" content=\"index, follow, max-snippet:-1, max-image-preview:large, max-video-preview:-1\" \/>\n<link rel=\"canonical\" href=\"https:\/\/heimatverein-borghorst.de\/index.php\/pressespiegel-archiv-2\/\" \/>\n<meta property=\"og:locale\" content=\"de_DE\" \/>\n<meta property=\"og:type\" content=\"article\" \/>\n<meta property=\"og:title\" content=\"Archiv Presseberichte - Heimatverein-Borghorst e.V.\" \/>\n<meta property=\"og:description\" content=\"Presse2026 Presse2025 Presse2024\" \/>\n<meta property=\"og:url\" content=\"https:\/\/heimatverein-borghorst.de\/index.php\/pressespiegel-archiv-2\/\" \/>\n<meta property=\"og:site_name\" content=\"Heimatverein-Borghorst e.V.\" \/>\n<meta property=\"article:modified_time\" content=\"2026-08-25T09:29:55+00:00\" \/>\n<meta property=\"og:image\" content=\"https:\/\/heimatverein-borghorst.de\/wp-content\/uploads\/2025\/07\/Zeitungshintergrund-1024x575.png\" \/>\n\t<meta property=\"og:image:width\" content=\"1024\" \/>\n\t<meta property=\"og:image:height\" content=\"575\" \/>\n\t<meta property=\"og:image:type\" content=\"image\/png\" \/>\n<meta name=\"twitter:card\" content=\"summary_large_image\" \/>\n<meta name=\"twitter:label1\" content=\"Gesch\u00e4tzte Lesezeit\" \/>\n\t<meta name=\"twitter:data1\" content=\"5\u00a0Minuten\" \/>\n<script type=\"application\/ld+json\" class=\"yoast-schema-graph\">{\"@context\":\"https:\\\/\\\/schema.org\",\"@graph\":[{\"@type\":\"WebPage\",\"@id\":\"https:\\\/\\\/heimatverein-borghorst.de\\\/index.php\\\/pressespiegel-archiv-2\\\/\",\"url\":\"https:\\\/\\\/heimatverein-borghorst.de\\\/index.php\\\/pressespiegel-archiv-2\\\/\",\"name\":\"Archiv Presseberichte - Heimatverein-Borghorst e.V.\",\"isPartOf\":{\"@id\":\"https:\\\/\\\/heimatverein-borghorst.de\\\/#website\"},\"primaryImageOfPage\":{\"@id\":\"https:\\\/\\\/heimatverein-borghorst.de\\\/index.php\\\/pressespiegel-archiv-2\\\/#primaryimage\"},\"image\":{\"@id\":\"https:\\\/\\\/heimatverein-borghorst.de\\\/index.php\\\/pressespiegel-archiv-2\\\/#primaryimage\"},\"thumbnailUrl\":\"https:\\\/\\\/heimatverein-borghorst.de\\\/wp-content\\\/uploads\\\/2025\\\/07\\\/Zeitungshintergrund-1024x575.png\",\"datePublished\":\"2024-12-19T12:08:56+00:00\",\"dateModified\":\"2026-08-25T09:29:55+00:00\",\"breadcrumb\":{\"@id\":\"https:\\\/\\\/heimatverein-borghorst.de\\\/index.php\\\/pressespiegel-archiv-2\\\/#breadcrumb\"},\"inLanguage\":\"de\",\"potentialAction\":[{\"@type\":\"ReadAction\",\"target\":[\"https:\\\/\\\/heimatverein-borghorst.de\\\/index.php\\\/pressespiegel-archiv-2\\\/\"]}]},{\"@type\":\"ImageObject\",\"inLanguage\":\"de\",\"@id\":\"https:\\\/\\\/heimatverein-borghorst.de\\\/index.php\\\/pressespiegel-archiv-2\\\/#primaryimage\",\"url\":\"https:\\\/\\\/heimatverein-borghorst.de\\\/wp-content\\\/uploads\\\/2025\\\/07\\\/Zeitungshintergrund.png\",\"contentUrl\":\"https:\\\/\\\/heimatverein-borghorst.de\\\/wp-content\\\/uploads\\\/2025\\\/07\\\/Zeitungshintergrund.png\",\"width\":1200,\"height\":674},{\"@type\":\"BreadcrumbList\",\"@id\":\"https:\\\/\\\/heimatverein-borghorst.de\\\/index.php\\\/pressespiegel-archiv-2\\\/#breadcrumb\",\"itemListElement\":[{\"@type\":\"ListItem\",\"position\":1,\"name\":\"Startseite\",\"item\":\"https:\\\/\\\/heimatverein-borghorst.de\\\/\"},{\"@type\":\"ListItem\",\"position\":2,\"name\":\"Archiv Presseberichte\"}]},{\"@type\":\"WebSite\",\"@id\":\"https:\\\/\\\/heimatverein-borghorst.de\\\/#website\",\"url\":\"https:\\\/\\\/heimatverein-borghorst.de\\\/\",\"name\":\"Heimatverein-Borghorst e.V.\",\"description\":\"\",\"publisher\":{\"@id\":\"https:\\\/\\\/heimatverein-borghorst.de\\\/#organization\"},\"potentialAction\":[{\"@type\":\"SearchAction\",\"target\":{\"@type\":\"EntryPoint\",\"urlTemplate\":\"https:\\\/\\\/heimatverein-borghorst.de\\\/?s={search_term_string}\"},\"query-input\":{\"@type\":\"PropertyValueSpecification\",\"valueRequired\":true,\"valueName\":\"search_term_string\"}}],\"inLanguage\":\"de\"},{\"@type\":\"Organization\",\"@id\":\"https:\\\/\\\/heimatverein-borghorst.de\\\/#organization\",\"name\":\"Heimatverein-Borghorst e.V.\",\"url\":\"https:\\\/\\\/heimatverein-borghorst.de\\\/\",\"logo\":{\"@type\":\"ImageObject\",\"inLanguage\":\"de\",\"@id\":\"https:\\\/\\\/heimatverein-borghorst.de\\\/#\\\/schema\\\/logo\\\/image\\\/\",\"url\":\"https:\\\/\\\/heimatverein-borghorst.de\\\/wp-content\\\/uploads\\\/2024\\\/05\\\/Logo.jpg\",\"contentUrl\":\"https:\\\/\\\/heimatverein-borghorst.de\\\/wp-content\\\/uploads\\\/2024\\\/05\\\/Logo.jpg\",\"width\":103,\"height\":121,\"caption\":\"Heimatverein-Borghorst e.V.\"},\"image\":{\"@id\":\"https:\\\/\\\/heimatverein-borghorst.de\\\/#\\\/schema\\\/logo\\\/image\\\/\"}}]}<\/script>\n<!-- \/ Yoast SEO plugin. -->","yoast_head_json":{"title":"Archiv Presseberichte - Heimatverein-Borghorst e.V.","robots":{"index":"index","follow":"follow","max-snippet":"max-snippet:-1","max-image-preview":"max-image-preview:large","max-video-preview":"max-video-preview:-1"},"canonical":"https:\/\/heimatverein-borghorst.de\/index.php\/pressespiegel-archiv-2\/","og_locale":"de_DE","og_type":"article","og_title":"Archiv Presseberichte - Heimatverein-Borghorst e.V.","og_description":"Presse2026 Presse2025 Presse2024","og_url":"https:\/\/heimatverein-borghorst.de\/index.php\/pressespiegel-archiv-2\/","og_site_name":"Heimatverein-Borghorst e.V.","article_modified_time":"2026-08-25T09:29:55+00:00","og_image":[{"width":1024,"height":575,"url":"https:\/\/heimatverein-borghorst.de\/wp-content\/uploads\/2025\/07\/Zeitungshintergrund-1024x575.png","type":"image\/png"}],"twitter_card":"summary_large_image","twitter_misc":{"Gesch\u00e4tzte Lesezeit":"5\u00a0Minuten"},"schema":{"@context":"https:\/\/schema.org","@graph":[{"@type":"WebPage","@id":"https:\/\/heimatverein-borghorst.de\/index.php\/pressespiegel-archiv-2\/","url":"https:\/\/heimatverein-borghorst.de\/index.php\/pressespiegel-archiv-2\/","name":"Archiv Presseberichte - Heimatverein-Borghorst e.V.","isPartOf":{"@id":"https:\/\/heimatverein-borghorst.de\/#website"},"primaryImageOfPage":{"@id":"https:\/\/heimatverein-borghorst.de\/index.php\/pressespiegel-archiv-2\/#primaryimage"},"image":{"@id":"https:\/\/heimatverein-borghorst.de\/index.php\/pressespiegel-archiv-2\/#primaryimage"},"thumbnailUrl":"https:\/\/heimatverein-borghorst.de\/wp-content\/uploads\/2025\/07\/Zeitungshintergrund-1024x575.png","datePublished":"2024-12-19T12:08:56+00:00","dateModified":"2026-08-25T09:29:55+00:00","breadcrumb":{"@id":"https:\/\/heimatverein-borghorst.de\/index.php\/pressespiegel-archiv-2\/#breadcrumb"},"inLanguage":"de","potentialAction":[{"@type":"ReadAction","target":["https:\/\/heimatverein-borghorst.de\/index.php\/pressespiegel-archiv-2\/"]}]},{"@type":"ImageObject","inLanguage":"de","@id":"https:\/\/heimatverein-borghorst.de\/index.php\/pressespiegel-archiv-2\/#primaryimage","url":"https:\/\/heimatverein-borghorst.de\/wp-content\/uploads\/2025\/07\/Zeitungshintergrund.png","contentUrl":"https:\/\/heimatverein-borghorst.de\/wp-content\/uploads\/2025\/07\/Zeitungshintergrund.png","width":1200,"height":674},{"@type":"BreadcrumbList","@id":"https:\/\/heimatverein-borghorst.de\/index.php\/pressespiegel-archiv-2\/#breadcrumb","itemListElement":[{"@type":"ListItem","position":1,"name":"Startseite","item":"https:\/\/heimatverein-borghorst.de\/"},{"@type":"ListItem","position":2,"name":"Archiv Presseberichte"}]},{"@type":"WebSite","@id":"https:\/\/heimatverein-borghorst.de\/#website","url":"https:\/\/heimatverein-borghorst.de\/","name":"Heimatverein-Borghorst e.V.","description":"","publisher":{"@id":"https:\/\/heimatverein-borghorst.de\/#organization"},"potentialAction":[{"@type":"SearchAction","target":{"@type":"EntryPoint","urlTemplate":"https:\/\/heimatverein-borghorst.de\/?s={search_term_string}"},"query-input":{"@type":"PropertyValueSpecification","valueRequired":true,"valueName":"search_term_string"}}],"inLanguage":"de"},{"@type":"Organization","@id":"https:\/\/heimatverein-borghorst.de\/#organization","name":"Heimatverein-Borghorst e.V.","url":"https:\/\/heimatverein-borghorst.de\/","logo":{"@type":"ImageObject","inLanguage":"de","@id":"https:\/\/heimatverein-borghorst.de\/#\/schema\/logo\/image\/","url":"https:\/\/heimatverein-borghorst.de\/wp-content\/uploads\/2024\/05\/Logo.jpg","contentUrl":"https:\/\/heimatverein-borghorst.de\/wp-content\/uploads\/2024\/05\/Logo.jpg","width":103,"height":121,"caption":"Heimatverein-Borghorst e.V."},"image":{"@id":"https:\/\/heimatverein-borghorst.de\/#\/schema\/logo\/image\/"}}]}},"_links":{"self":[{"href":"https:\/\/heimatverein-borghorst.de\/index.php\/wp-json\/wp\/v2\/pages\/2701","targetHints":{"allow":["GET"]}}],"collection":[{"href":"https:\/\/heimatverein-borghorst.de\/index.php\/wp-json\/wp\/v2\/pages"}],"about":[{"href":"https:\/\/heimatverein-borghorst.de\/index.php\/wp-json\/wp\/v2\/types\/page"}],"author":[{"embeddable":true,"href":"https:\/\/heimatverein-borghorst.de\/index.php\/wp-json\/wp\/v2\/users\/5"}],"replies":[{"embeddable":true,"href":"https:\/\/heimatverein-borghorst.de\/index.php\/wp-json\/wp\/v2\/comments?post=2701"}],"version-history":[{"count":176,"href":"https:\/\/heimatverein-borghorst.de\/index.php\/wp-json\/wp\/v2\/pages\/2701\/revisions"}],"predecessor-version":[{"id":16124,"href":"https:\/\/heimatverein-borghorst.de\/index.php\/wp-json\/wp\/v2\/pages\/2701\/revisions\/16124"}],"wp:attachment":[{"href":"https:\/\/heimatverein-borghorst.de\/index.php\/wp-json\/wp\/v2\/media?parent=2701"}],"curies":[{"name":"wp","href":"https:\/\/api.w.org\/{rel}","templated":true}]}}