{"id":9585,"date":"2025-06-04T16:21:43","date_gmt":"2025-06-04T14:21:43","guid":{"rendered":"https:\/\/heimatverein-borghorst.de\/?page_id=9585"},"modified":"2026-01-21T15:36:02","modified_gmt":"2026-01-21T14:36:02","slug":"dies-und-das","status":"publish","type":"page","link":"https:\/\/heimatverein-borghorst.de\/index.php\/dies-und-das\/","title":{"rendered":"Dies und Das"},"content":{"rendered":"\n<div class=\"wp-block-cover alignfull\" style=\"min-height:250px;aspect-ratio:unset;\"><span aria-hidden=\"true\" class=\"wp-block-cover__background has-nv-light-bg-background-color has-background-dim-70 has-background-dim\"><\/span><div class=\"wp-block-cover__inner-container is-layout-flow wp-block-cover-is-layout-flow\">\n<p class=\"has-text-align-center has-neve-link-color-color has-text-color has-link-color wp-elements-36a4f5ae40d048a6aa217a8867af53f4\" style=\"font-size:48px;font-style:normal;font-weight:600\">Heimat<\/p>\n\n\n\n<div class=\"wp-block-cover alignwide is-light has-neve-link-color-color has-text-color has-link-color wp-elements-d3608e74ca7ecd752e97b28c672f3753\" style=\"min-height:200px;aspect-ratio:unset;\"><span aria-hidden=\"true\" class=\"wp-block-cover__background has-background-dim-0 has-background-dim\" style=\"background-color:#FFF\"><\/span><div class=\"wp-block-cover__inner-container is-layout-constrained wp-block-cover-is-layout-constrained\">\n<p class=\"wp-elements-f9ffed3448950ca26e02737c78cd9572\" style=\"font-size:18px\">Der Begriff&nbsp;<strong>Heimat<\/strong>&nbsp;verweist zumeist auf eine Beziehung zwischen&nbsp;<a href=\"https:\/\/de.wikipedia.org\/wiki\/Mensch\" target=\"_blank\" rel=\"noreferrer noopener nofollow\">Mensch<\/a>&nbsp;und Raum (<a href=\"https:\/\/de.wikipedia.org\/wiki\/Territorium\" target=\"_blank\" rel=\"noreferrer noopener nofollow\">Territorium<\/a>). Im allgemeinen Sprachgebrauch wird er auf den Ort angewendet, in den ein Mensch hineingeboren wird und in dem die fr\u00fchesten&nbsp;<a href=\"https:\/\/de.wikipedia.org\/wiki\/Sozialisation\" target=\"_blank\" rel=\"noreferrer noopener nofollow\">Sozialisationserlebnisse<\/a>&nbsp;stattfinden, die zun\u00e4chst <a href=\"https:\/\/de.wikipedia.org\/wiki\/Identit%C3%A4t\" target=\"_blank\" rel=\"noreferrer noopener nofollow\">Identit\u00e4t<\/a>,&nbsp;<a href=\"https:\/\/de.wikipedia.org\/wiki\/Pers%C3%B6nlichkeit\" target=\"_blank\" rel=\"noreferrer noopener nofollow\">Charakter<\/a>,&nbsp;<a href=\"https:\/\/de.wikipedia.org\/wiki\/Mentalit%C3%A4t\" target=\"_blank\" rel=\"noreferrer noopener nofollow\">Mentalit\u00e4t<\/a>,&nbsp;<a href=\"https:\/\/de.wikipedia.org\/wiki\/Einstellung_(Psychologie)\" target=\"_blank\" rel=\"noreferrer noopener nofollow\">Einstellungen<\/a>&nbsp;und&nbsp;<a href=\"https:\/\/de.wikipedia.org\/wiki\/Weltanschauung\" target=\"_blank\" rel=\"noreferrer noopener nofollow\">Weltauffassungen<\/a>&nbsp;pr\u00e4gen.<\/p>\n\n\n\n<p class=\"wp-elements-e21858199096bf72060e442c5157a393\" style=\"font-size:18px\">Er steht auch in einer speziellen Beziehung zum Begriff der \u201e<a href=\"https:\/\/de.wikipedia.org\/wiki\/Siedlung\" target=\"_blank\" rel=\"noreferrer noopener nofollow\">Siedlung<\/a>\u201c; dieser bezieht sich, im Gegensatz zum&nbsp;<a href=\"https:\/\/de.wikipedia.org\/wiki\/Wohnplatz\" target=\"_blank\" rel=\"noreferrer noopener nofollow\">Wohnplatz<\/a>, in der Regel auf eine&nbsp;<a href=\"https:\/\/de.wikipedia.org\/wiki\/Sesshaftigkeit\" target=\"_blank\" rel=\"noreferrer noopener nofollow\">sesshafte<\/a>&nbsp;Lebensform, d.&nbsp;h. auf ein dauerhaftes bzw. langfristiges Sich-Niederlassen und&nbsp;<a href=\"https:\/\/de.wikipedia.org\/wiki\/Wohnen\" target=\"_blank\" rel=\"noreferrer noopener nofollow\">Wohnen<\/a>&nbsp;an einem Ort bzw. in einer&nbsp;<a href=\"https:\/\/de.wikipedia.org\/wiki\/Region\" target=\"_blank\" rel=\"noreferrer noopener nofollow\">Region<\/a>.&nbsp;<\/p>\n\n\n\n<p class=\"wp-elements-6fcd3e10d5410f17819120f834c39d53\" style=\"font-size:18px\">Der Begriff findet aber auch in einem \u00fcbertragenen,&nbsp;<a href=\"https:\/\/de.wikipedia.org\/wiki\/Metapher\" target=\"_blank\" rel=\"noreferrer noopener nofollow\">metaphorischen<\/a>&nbsp;Sinne, etwa in der Bedeutung \u201egeistige Heimat\u201c, Verwendung.<\/p>\n\n\n\n<p style=\"font-size:18px\">Der Heimatbegriff befindet sich in st\u00e4ndiger Diskussion..<\/p>\n\n\n\n<p class=\"has-text-align-left has-link-color wp-elements-dde8b628a5089144cbd039c60b051abc\" style=\"font-size:16px\">Quelle: <a href=\"https:\/\/de.wikipedia.org\/wiki\/Heimat\" target=\"_blank\" rel=\"noreferrer noopener nofollow\">Wikipedia \/ Heimat<\/a><\/p>\n<\/div><\/div>\n<\/div><\/div>\n\n\n\n<div style=\"height:30px\" aria-hidden=\"true\" class=\"wp-block-spacer\"><\/div>\n\n\n\n<div class=\"wp-block-cover has-border-color has-neve-text-color-border-color has-neve-link-color-color has-text-color has-link-color wp-elements-00b74f414a04315eb113b1af0404ec95\" style=\"border-width:1px;min-height:50px;aspect-ratio:unset;\"><span aria-hidden=\"true\" class=\"wp-block-cover__background has-nv-light-bg-background-color has-background-dim-80 has-background-dim\"><\/span><div class=\"wp-block-cover__inner-container is-layout-constrained wp-block-cover-is-layout-constrained\">\n<p class=\"has-text-align-center has-neve-link-color-color has-text-color has-link-color wp-elements-7a91672d96ac4ff339013e5bdb19baab\" style=\"font-size:20px\">Einige Gedanken von Karl-August Valk zu diesem zentralen Begriff in unserem Vereinsnamen&#8230;<\/p>\n<\/div><\/div>\n\n\n\n<div style=\"height:30px\" aria-hidden=\"true\" class=\"wp-block-spacer\"><\/div>\n\n\n\n<div class=\"wp-block-cover has-neve-link-color-color has-text-color has-link-color wp-elements-cf863b4dc32e19b62745b20d1c04161d\" style=\"border-width:1px\"><span aria-hidden=\"true\" class=\"wp-block-cover__background has-nv-light-bg-background-color has-background-dim-70 has-background-dim\"><\/span><div class=\"wp-block-cover__inner-container is-layout-constrained wp-block-cover-is-layout-constrained\">\n<div class=\"wp-block-media-text is-stacked-on-mobile\" style=\"grid-template-columns:25% auto\"><figure class=\"wp-block-media-text__media\"><img loading=\"lazy\" decoding=\"async\" width=\"790\" height=\"1024\" src=\"https:\/\/heimatverein-borghorst.de\/wp-content\/uploads\/2025\/07\/2024_KK_HV-Karl-August-Valk-100-scaled-1-790x1024.jpg\" alt=\"\" class=\"wp-image-9817 size-full\" srcset=\"https:\/\/heimatverein-borghorst.de\/wp-content\/uploads\/2025\/07\/2024_KK_HV-Karl-August-Valk-100-scaled-1-790x1024.jpg 790w, https:\/\/heimatverein-borghorst.de\/wp-content\/uploads\/2025\/07\/2024_KK_HV-Karl-August-Valk-100-scaled-1-231x300.jpg 231w, https:\/\/heimatverein-borghorst.de\/wp-content\/uploads\/2025\/07\/2024_KK_HV-Karl-August-Valk-100-scaled-1-768x996.jpg 768w, https:\/\/heimatverein-borghorst.de\/wp-content\/uploads\/2025\/07\/2024_KK_HV-Karl-August-Valk-100-scaled-1-1185x1536.jpg 1185w, https:\/\/heimatverein-borghorst.de\/wp-content\/uploads\/2025\/07\/2024_KK_HV-Karl-August-Valk-100-scaled-1.jpg 1481w\" sizes=\"auto, (max-width: 790px) 100vw, 790px\" \/><\/figure><div class=\"wp-block-media-text__content\">\n<p><\/p>\n\n\n\n<p class=\"has-neve-link-color-color has-text-color has-link-color wp-elements-2a381079463b6d9a624df655477695c1\" style=\"font-size:16px;font-style:normal;font-weight:600\">Karl-August Valk ist Borghorster und f\u00fchlt sich dort [als Steinfurter) mit den Menschen und Vereinen verbunden.<\/p>\n\n\n\n<p class=\"has-neve-link-color-color has-text-color has-link-color wp-elements-b389c12143967b35ff4c25dff3131b90\" style=\"font-size:16px;font-style:normal;font-weight:600\">Er war als Lehrer und Abteilungsleiter des Beruflichen Gymnasiums an den Technischen Schulen Steinfurt t\u00e4tig.&nbsp;<\/p>\n\n\n\n<p class=\"has-neve-link-color-color has-text-color has-link-color wp-elements-562d1c5814dcb33b242a77b6afb32c7d\" style=\"font-size:16px;font-style:normal;font-weight:600\">Derzeit ist er zweiter Vorsitzender des <a href=\"http:\/\/www.heimatverein-borghorst.de\">Heimatverein Borghorst<\/a>\u00a0und engagiert sich unter anderem f\u00fcr den F\u00f6rderverein Bagno Konzertgalerie.\u00a0<\/p>\n<\/div><\/div>\n\n\n\n<div style=\"height:30px\" aria-hidden=\"true\" class=\"wp-block-spacer\"><\/div>\n\n\n\n<p class=\"has-text-align-center has-nv-c-2-color has-text-color has-link-color wp-elements-5532eacd55c346e23be5771bb476d791\" style=\"font-size:24px\">Heimat &#8211; ein verstaubter Begriff?<\/p>\n\n\n\n<pre class=\"wp-block-preformatted has-neve-link-color-color has-text-color has-link-color wp-elements-34537730625e5f285b6a67a301bd561d\" style=\"border-width:1px;font-size:18px;font-style:normal;font-weight:600\">Woran denken Sie, wenn Sie das Wort \u201eHeimat\" h\u00f6ren? <br>Assoziieren Sie damit auch Gedanken an etwas Altmodisches, eine verstaubte Idee von Paohlb\u00fcrgern, die sich nur auf ihre Scholle besinnen und nichts von der Welt ringsherum mitbekommen? <br>Oder ist die Heimat f\u00fcr Sie auch ein verl\u00e4sslicher Ort von Sicherheit und von Vertrauen? Als Mitglied im hiesigen Heimatverein kommen mir manchmal Gedanken \u00fcber diesen Begriff in unserem Vereinsnamen.<br><br>Ist Heimat vielleicht ganz wichtig f\u00fcr uns alle? Sicherlich gibt es heute (auch politische) Str\u00f6mungen, die sich Heimat zunutze machen, um sich abzuschotten und nur die Vorteile f\u00fcr sich und das eigene Land sehen. Heimatschutz etwa suggeriert die m\u00f6gliche Bedrohung unseres Lebensraumes durch feindliche Gruppen. <br>Und leider wurde und wird das Ziel der Heimatbewahrung auch gerne von rechtsextremen Bewegungen vereinnahmt, die damit Schreckensvisionen einer \u00dcberfremdung suggerieren. <br><br>Dabei hat Heimat doch auch in der Politik l\u00e4ngst seine positiven Auswirkungen gezeigt, wenn es, wie j\u00fcngst in Kanada, gilt, sich von feindlicher \u00dcbernahme abzugrenzen und eigene Werte hochzuhalten. <br>Und auch in Deutschland haben wir l\u00e4ngst erkannt, wie wichtig f\u00fcr uns die Bewahrung unseres Landes und unseres Lebensraums ist. <br>Auf Bundesebene und im Land NRW haben wir z.B. ein eigenes Heimatministerium das jeweils mit vielen Projekten die regionale Identit\u00e4t und Gemeinschaft st\u00e4rkt. Auch die Heimatbunde auf Bezirks- und Kreisebene entwickeln diese Tradition weiter.<br><br>Vor allem aber ist Heimat f\u00fcr mich auch ein wichtiger Ort der Verl\u00e4sslichkeit im lokalen oder famili\u00e4ren Bereich (.... der Ort, an dem es mir gut geht\") - er meint also nicht nur den Ort (,my home is my castle\"), sondern auch den emotionalen Bezugspunkt: <br>Hier habe ich meine Basis, bin verwurzelt und geerdet in einer (Werte-) Gemeinschaft, in meinem Land, in meiner Sprache, im vertrauten Kontext.<br><br>Wie schwer mag es f\u00fcr Menschen mit Migrationshintergrund sein, die sich nach ihrer urspr\u00fcnglichen Heimat nun (hier) fern von ihrem Geburtsort ihre zweite aneignen m\u00fcssen? Wie wichtig wird ihnen die neue sein angesichts der bedrohlichen Lage in der alten?<br>Vielleicht k\u00f6nnen wir da auch von ihnen lernen: Bei allem Bem\u00fchen um das Wurzelwerk der eigenen Identit\u00e4t gleichzeitig offen zu sein f\u00fcr die Welt und f\u00fcr die Begegnung mit dem Fremden ringsum. <br>Mehrere Gruppen Gefl\u00fcchteter habe ich bei der F\u00fchrung durch unsere Ausstellung \u00fcber Lokalgeschichte im Heimathaus sehr interessiert erlebt.<br><br>Ob wir nicht einen solchen modernen Heimatbegriff leben k\u00f6nnen, in dem auch Zugereiste eine zweite Heimat finden und in dem eine vielf\u00e4ltige Gesellschaftskultur m\u00f6glich ist? <br>Es w\u00e4re wichtig genug - gerade heute! <br>Der Borghorster (genau wie der Burgsteinfurter) Heimatverein versteht sich als Bewahrer der lokalen Geschichte und Kultur und tr\u00e4gt damit zur Identit\u00e4t des Ortes bei. Vor allem aber bieten beide Vereine viele Aktivit\u00e4ten an, bei denen Austausch, Fahrten, Gemeinschaft und kreative Projekte angesagt sind. <br>Auch die Auseinandersetzung mit (zuk\u00fcnftigen) gesellschaftlichen Prozessen gehen wir an. Wir wollen weltoffen sein und zukunftsgewandt Verantwortung \u00fcbernehmen. <br><br>Zur Teilnahme an unseren Veranstaltungen laden wir herzlich ein. Schauen Sie mal vorbei!<br><br>Karl-August Valk, Heimatverein Borghorst e.V.<br><\/pre>\n\n\n\n<div class=\"wp-block-cover is-light has-neve-link-color-color has-text-color has-link-color wp-elements-8ff85a1d492297c287ccd2bf9f0b7504\" style=\"border-width:1px;min-height:50px;aspect-ratio:unset;\"><span aria-hidden=\"true\" class=\"wp-block-cover__background has-background-dim-70 has-background-dim\" style=\"background-color:#FFF\"><\/span><div class=\"wp-block-cover__inner-container is-layout-constrained wp-block-cover-is-layout-constrained\">\n<p class=\"has-text-align-center has-neve-link-color-color has-text-color has-link-color wp-elements-c4fab7ae794176702ff837830dcd74c5\" style=\"font-size:16px\">Quelle: \u201eDer Steinfurter\u201c, Autor: Karl-August Valk, Titel: Heimat \u2013 ein verstaubter Begriff? \/ Ausgabe 6\/2025<\/p>\n<\/div><\/div>\n<\/div><\/div>\n\n\n\n<div style=\"height:50px\" aria-hidden=\"true\" class=\"wp-block-spacer\"><\/div>\n","protected":false},"excerpt":{"rendered":"","protected":false},"author":5,"featured_media":0,"parent":0,"menu_order":0,"comment_status":"closed","ping_status":"closed","template":"","meta":{"_canonical_pages":true,"_canonical_pages_meta":{"option":"this","url":""},"neve_meta_sidebar":"","neve_meta_container":"","neve_meta_enable_content_width":"","neve_meta_content_width":0,"neve_meta_title_alignment":"","neve_meta_author_avatar":"","neve_post_elements_order":"","neve_meta_disable_header":"","neve_meta_disable_footer":"","neve_meta_disable_title":"on","pgc_sgb_lightbox_settings":"","footnotes":""},"class_list":["post-9585","page","type-page","status-publish","hentry"],"yoast_head":"<!-- This site is optimized with the Yoast SEO plugin v27.4 - https:\/\/yoast.com\/product\/yoast-seo-wordpress\/ -->\n<title>Dies und Das - Heimatverein-Borghorst e.V.<\/title>\n<meta name=\"robots\" content=\"index, follow, max-snippet:-1, max-image-preview:large, max-video-preview:-1\" \/>\n<link rel=\"canonical\" href=\"https:\/\/heimatverein-borghorst.de\/index.php\/dies-und-das\/\" \/>\n<meta property=\"og:locale\" content=\"de_DE\" \/>\n<meta property=\"og:type\" content=\"article\" \/>\n<meta property=\"og:title\" content=\"Dies und Das - Heimatverein-Borghorst e.V.\" \/>\n<meta property=\"og:url\" content=\"https:\/\/heimatverein-borghorst.de\/index.php\/dies-und-das\/\" \/>\n<meta property=\"og:site_name\" content=\"Heimatverein-Borghorst e.V.\" \/>\n<meta property=\"article:modified_time\" content=\"2026-01-21T14:36:02+00:00\" \/>\n<meta property=\"og:image\" content=\"https:\/\/heimatverein-borghorst.de\/wp-content\/uploads\/2025\/07\/2024_KK_HV-Karl-August-Valk-100-scaled-1.jpg\" \/>\n\t<meta property=\"og:image:width\" content=\"1481\" \/>\n\t<meta property=\"og:image:height\" content=\"1920\" \/>\n\t<meta property=\"og:image:type\" content=\"image\/jpeg\" \/>\n<meta name=\"twitter:card\" content=\"summary_large_image\" \/>\n<meta name=\"twitter:label1\" content=\"Gesch\u00e4tzte Lesezeit\" \/>\n\t<meta name=\"twitter:data1\" content=\"2\u00a0Minuten\" \/>\n<script type=\"application\/ld+json\" class=\"yoast-schema-graph\">{\"@context\":\"https:\\\/\\\/schema.org\",\"@graph\":[{\"@type\":\"WebPage\",\"@id\":\"https:\\\/\\\/heimatverein-borghorst.de\\\/index.php\\\/dies-und-das\\\/\",\"url\":\"https:\\\/\\\/heimatverein-borghorst.de\\\/index.php\\\/dies-und-das\\\/\",\"name\":\"Dies und Das - Heimatverein-Borghorst e.V.\",\"isPartOf\":{\"@id\":\"https:\\\/\\\/heimatverein-borghorst.de\\\/#website\"},\"primaryImageOfPage\":{\"@id\":\"https:\\\/\\\/heimatverein-borghorst.de\\\/index.php\\\/dies-und-das\\\/#primaryimage\"},\"image\":{\"@id\":\"https:\\\/\\\/heimatverein-borghorst.de\\\/index.php\\\/dies-und-das\\\/#primaryimage\"},\"thumbnailUrl\":\"https:\\\/\\\/heimatverein-borghorst.de\\\/wp-content\\\/uploads\\\/2025\\\/07\\\/2024_KK_HV-Karl-August-Valk-100-scaled-1-790x1024.jpg\",\"datePublished\":\"2025-06-04T14:21:43+00:00\",\"dateModified\":\"2026-01-21T14:36:02+00:00\",\"breadcrumb\":{\"@id\":\"https:\\\/\\\/heimatverein-borghorst.de\\\/index.php\\\/dies-und-das\\\/#breadcrumb\"},\"inLanguage\":\"de\",\"potentialAction\":[{\"@type\":\"ReadAction\",\"target\":[\"https:\\\/\\\/heimatverein-borghorst.de\\\/index.php\\\/dies-und-das\\\/\"]}]},{\"@type\":\"ImageObject\",\"inLanguage\":\"de\",\"@id\":\"https:\\\/\\\/heimatverein-borghorst.de\\\/index.php\\\/dies-und-das\\\/#primaryimage\",\"url\":\"https:\\\/\\\/heimatverein-borghorst.de\\\/wp-content\\\/uploads\\\/2025\\\/07\\\/2024_KK_HV-Karl-August-Valk-100-scaled-1.jpg\",\"contentUrl\":\"https:\\\/\\\/heimatverein-borghorst.de\\\/wp-content\\\/uploads\\\/2025\\\/07\\\/2024_KK_HV-Karl-August-Valk-100-scaled-1.jpg\",\"width\":1481,\"height\":1920},{\"@type\":\"BreadcrumbList\",\"@id\":\"https:\\\/\\\/heimatverein-borghorst.de\\\/index.php\\\/dies-und-das\\\/#breadcrumb\",\"itemListElement\":[{\"@type\":\"ListItem\",\"position\":1,\"name\":\"Startseite\",\"item\":\"https:\\\/\\\/heimatverein-borghorst.de\\\/\"},{\"@type\":\"ListItem\",\"position\":2,\"name\":\"Dies und Das\"}]},{\"@type\":\"WebSite\",\"@id\":\"https:\\\/\\\/heimatverein-borghorst.de\\\/#website\",\"url\":\"https:\\\/\\\/heimatverein-borghorst.de\\\/\",\"name\":\"Heimatverein-Borghorst e.V.\",\"description\":\"\",\"publisher\":{\"@id\":\"https:\\\/\\\/heimatverein-borghorst.de\\\/#organization\"},\"potentialAction\":[{\"@type\":\"SearchAction\",\"target\":{\"@type\":\"EntryPoint\",\"urlTemplate\":\"https:\\\/\\\/heimatverein-borghorst.de\\\/?s={search_term_string}\"},\"query-input\":{\"@type\":\"PropertyValueSpecification\",\"valueRequired\":true,\"valueName\":\"search_term_string\"}}],\"inLanguage\":\"de\"},{\"@type\":\"Organization\",\"@id\":\"https:\\\/\\\/heimatverein-borghorst.de\\\/#organization\",\"name\":\"Heimatverein-Borghorst e.V.\",\"url\":\"https:\\\/\\\/heimatverein-borghorst.de\\\/\",\"logo\":{\"@type\":\"ImageObject\",\"inLanguage\":\"de\",\"@id\":\"https:\\\/\\\/heimatverein-borghorst.de\\\/#\\\/schema\\\/logo\\\/image\\\/\",\"url\":\"https:\\\/\\\/heimatverein-borghorst.de\\\/wp-content\\\/uploads\\\/2024\\\/05\\\/Logo.jpg\",\"contentUrl\":\"https:\\\/\\\/heimatverein-borghorst.de\\\/wp-content\\\/uploads\\\/2024\\\/05\\\/Logo.jpg\",\"width\":103,\"height\":121,\"caption\":\"Heimatverein-Borghorst e.V.\"},\"image\":{\"@id\":\"https:\\\/\\\/heimatverein-borghorst.de\\\/#\\\/schema\\\/logo\\\/image\\\/\"}}]}<\/script>\n<!-- \/ Yoast SEO plugin. -->","yoast_head_json":{"title":"Dies und Das - Heimatverein-Borghorst e.V.","robots":{"index":"index","follow":"follow","max-snippet":"max-snippet:-1","max-image-preview":"max-image-preview:large","max-video-preview":"max-video-preview:-1"},"canonical":"https:\/\/heimatverein-borghorst.de\/index.php\/dies-und-das\/","og_locale":"de_DE","og_type":"article","og_title":"Dies und Das - Heimatverein-Borghorst e.V.","og_url":"https:\/\/heimatverein-borghorst.de\/index.php\/dies-und-das\/","og_site_name":"Heimatverein-Borghorst e.V.","article_modified_time":"2026-01-21T14:36:02+00:00","og_image":[{"width":1481,"height":1920,"url":"https:\/\/heimatverein-borghorst.de\/wp-content\/uploads\/2025\/07\/2024_KK_HV-Karl-August-Valk-100-scaled-1.jpg","type":"image\/jpeg"}],"twitter_card":"summary_large_image","twitter_misc":{"Gesch\u00e4tzte Lesezeit":"2\u00a0Minuten"},"schema":{"@context":"https:\/\/schema.org","@graph":[{"@type":"WebPage","@id":"https:\/\/heimatverein-borghorst.de\/index.php\/dies-und-das\/","url":"https:\/\/heimatverein-borghorst.de\/index.php\/dies-und-das\/","name":"Dies und Das - Heimatverein-Borghorst e.V.","isPartOf":{"@id":"https:\/\/heimatverein-borghorst.de\/#website"},"primaryImageOfPage":{"@id":"https:\/\/heimatverein-borghorst.de\/index.php\/dies-und-das\/#primaryimage"},"image":{"@id":"https:\/\/heimatverein-borghorst.de\/index.php\/dies-und-das\/#primaryimage"},"thumbnailUrl":"https:\/\/heimatverein-borghorst.de\/wp-content\/uploads\/2025\/07\/2024_KK_HV-Karl-August-Valk-100-scaled-1-790x1024.jpg","datePublished":"2025-06-04T14:21:43+00:00","dateModified":"2026-01-21T14:36:02+00:00","breadcrumb":{"@id":"https:\/\/heimatverein-borghorst.de\/index.php\/dies-und-das\/#breadcrumb"},"inLanguage":"de","potentialAction":[{"@type":"ReadAction","target":["https:\/\/heimatverein-borghorst.de\/index.php\/dies-und-das\/"]}]},{"@type":"ImageObject","inLanguage":"de","@id":"https:\/\/heimatverein-borghorst.de\/index.php\/dies-und-das\/#primaryimage","url":"https:\/\/heimatverein-borghorst.de\/wp-content\/uploads\/2025\/07\/2024_KK_HV-Karl-August-Valk-100-scaled-1.jpg","contentUrl":"https:\/\/heimatverein-borghorst.de\/wp-content\/uploads\/2025\/07\/2024_KK_HV-Karl-August-Valk-100-scaled-1.jpg","width":1481,"height":1920},{"@type":"BreadcrumbList","@id":"https:\/\/heimatverein-borghorst.de\/index.php\/dies-und-das\/#breadcrumb","itemListElement":[{"@type":"ListItem","position":1,"name":"Startseite","item":"https:\/\/heimatverein-borghorst.de\/"},{"@type":"ListItem","position":2,"name":"Dies und Das"}]},{"@type":"WebSite","@id":"https:\/\/heimatverein-borghorst.de\/#website","url":"https:\/\/heimatverein-borghorst.de\/","name":"Heimatverein-Borghorst e.V.","description":"","publisher":{"@id":"https:\/\/heimatverein-borghorst.de\/#organization"},"potentialAction":[{"@type":"SearchAction","target":{"@type":"EntryPoint","urlTemplate":"https:\/\/heimatverein-borghorst.de\/?s={search_term_string}"},"query-input":{"@type":"PropertyValueSpecification","valueRequired":true,"valueName":"search_term_string"}}],"inLanguage":"de"},{"@type":"Organization","@id":"https:\/\/heimatverein-borghorst.de\/#organization","name":"Heimatverein-Borghorst e.V.","url":"https:\/\/heimatverein-borghorst.de\/","logo":{"@type":"ImageObject","inLanguage":"de","@id":"https:\/\/heimatverein-borghorst.de\/#\/schema\/logo\/image\/","url":"https:\/\/heimatverein-borghorst.de\/wp-content\/uploads\/2024\/05\/Logo.jpg","contentUrl":"https:\/\/heimatverein-borghorst.de\/wp-content\/uploads\/2024\/05\/Logo.jpg","width":103,"height":121,"caption":"Heimatverein-Borghorst e.V."},"image":{"@id":"https:\/\/heimatverein-borghorst.de\/#\/schema\/logo\/image\/"}}]}},"_links":{"self":[{"href":"https:\/\/heimatverein-borghorst.de\/index.php\/wp-json\/wp\/v2\/pages\/9585","targetHints":{"allow":["GET"]}}],"collection":[{"href":"https:\/\/heimatverein-borghorst.de\/index.php\/wp-json\/wp\/v2\/pages"}],"about":[{"href":"https:\/\/heimatverein-borghorst.de\/index.php\/wp-json\/wp\/v2\/types\/page"}],"author":[{"embeddable":true,"href":"https:\/\/heimatverein-borghorst.de\/index.php\/wp-json\/wp\/v2\/users\/5"}],"replies":[{"embeddable":true,"href":"https:\/\/heimatverein-borghorst.de\/index.php\/wp-json\/wp\/v2\/comments?post=9585"}],"version-history":[{"count":68,"href":"https:\/\/heimatverein-borghorst.de\/index.php\/wp-json\/wp\/v2\/pages\/9585\/revisions"}],"predecessor-version":[{"id":15192,"href":"https:\/\/heimatverein-borghorst.de\/index.php\/wp-json\/wp\/v2\/pages\/9585\/revisions\/15192"}],"wp:attachment":[{"href":"https:\/\/heimatverein-borghorst.de\/index.php\/wp-json\/wp\/v2\/media?parent=9585"}],"curies":[{"name":"wp","href":"https:\/\/api.w.org\/{rel}","templated":true}]}}